{"id":6286,"date":"2023-09-13T04:27:19","date_gmt":"2023-09-13T04:27:19","guid":{"rendered":"https:\/\/orthodesign.ca\/a-propos-de-nous\/"},"modified":"2024-02-29T19:49:44","modified_gmt":"2024-02-29T19:49:44","slug":"a-propos-de-nous","status":"publish","type":"page","link":"https:\/\/orthodesign.ca\/fr\/a-propos-de-nous\/","title":{"rendered":"\u00c0 propos de nous"},"content":{"rendered":"\t\t<div data-elementor-type=\"wp-page\" data-elementor-id=\"6286\" class=\"elementor elementor-6286 elementor-16\" data-elementor-post-type=\"page\">\n\t\t\t\t\t\t<section class=\"elementor-section elementor-top-section elementor-element elementor-element-0d0ad1a elementor-section-full_width elementor-section-height-min-height elementor-section-stretched elementor-section-height-default elementor-section-items-middle\" data-id=\"0d0ad1a\" data-element_type=\"section\" data-settings=\"{&quot;background_background&quot;:&quot;classic&quot;,&quot;stretch_section&quot;:&quot;section-stretched&quot;}\">\n\t\t\t\t\t\t\t<div class=\"elementor-background-overlay\"><\/div>\n\t\t\t\t\t\t\t<div class=\"elementor-container elementor-column-gap-default\">\n\t\t\t\t\t<div class=\"elementor-column elementor-col-100 elementor-top-column elementor-element elementor-element-6db137a\" data-id=\"6db137a\" data-element_type=\"column\">\n\t\t\t<div class=\"elementor-widget-wrap elementor-element-populated\">\n\t\t\t\t\t\t<div class=\"elementor-element elementor-element-67bd3ee text-center elementor-widget elementor-widget-tp-heading-title\" data-id=\"67bd3ee\" data-element_type=\"widget\" data-widget_type=\"tp-heading-title.default\">\n\t\t\t\t<div class=\"elementor-widget-container\">\n\t\t\t\t\t<div class=\"heading heading_style heading_style69f2337bebc7a style-2 \" ><div class=\"sub-style \"  ><div class=\"head-title \" > <h1  class=\"heading-title   \"   data-hover=\"\u00c0 PROPOS\">\u00c0 PROPOS<\/h1><\/div><\/div><\/div>\t\t\t\t<\/div>\n\t\t\t\t<\/div>\n\t\t\t\t\t<\/div>\n\t\t<\/div>\n\t\t\t\t\t<\/div>\n\t\t<\/section>\n\t\t\t\t<section class=\"elementor-section elementor-top-section elementor-element elementor-element-1659e05 elementor-section-stretched elementor-section-boxed elementor-section-height-default elementor-section-height-default\" data-id=\"1659e05\" data-element_type=\"section\" data-settings=\"{&quot;background_background&quot;:&quot;classic&quot;,&quot;stretch_section&quot;:&quot;section-stretched&quot;}\">\n\t\t\t\t\t\t\t<div class=\"elementor-background-overlay\"><\/div>\n\t\t\t\t\t\t\t<div class=\"elementor-container elementor-column-gap-default\">\n\t\t\t\t\t<div class=\"elementor-column elementor-col-100 elementor-top-column elementor-element elementor-element-49e87ba\" data-id=\"49e87ba\" data-element_type=\"column\">\n\t\t\t<div class=\"elementor-widget-wrap elementor-element-populated\">\n\t\t\t\t\t\t<div class=\"elementor-element elementor-element-2d12e9b elementor-widget elementor-widget-heading\" data-id=\"2d12e9b\" data-element_type=\"widget\" data-widget_type=\"heading.default\">\n\t\t\t\t<div class=\"elementor-widget-container\">\n\t\t\t\t\t<h2 class=\"elementor-heading-title elementor-size-default\">BIENVENUE CHEZ ORTHO DESIGN\n<\/h2>\t\t\t\t<\/div>\n\t\t\t\t<\/div>\n\t\t\t\t<div class=\"elementor-element elementor-element-e7082d9 elementor-widget elementor-widget-text-editor\" data-id=\"e7082d9\" data-element_type=\"widget\" data-widget_type=\"text-editor.default\">\n\t\t\t\t<div class=\"elementor-widget-container\">\n\t\t\t\t\t\t\t\t\t<strong>ORTHO DESIGN<\/strong> est une compagnie innovatrice qui se sp\u00e9cialise <strong>depuis 2008<\/strong> dans la conception et la fabrication d&#8217;orth\u00e8ses, de proth\u00e8ses et autres adaptations pour animaux. <strong>En \u00e9troite collaboration avec les m\u00e9decins v\u00e9t\u00e9rinaires, en pluridisciplinarit\u00e9 , ORTHO DESIGN<\/strong> d\u00e9termine <strong>les besoins<\/strong> sp\u00e9cifiques relatifs \u00e0 <strong>l&#8217;appareillage orthop\u00e9dique<\/strong> aupr\u00e8s des animaux ayant une ou des d\u00e9ficiences physiques. Celles-ci se manifeste lorsqu&#8217;il y a atteinte du syst\u00e8me musculosquelettique ou neurologique suite \u00e0 un traumatisme, une maladie ou suite \u00e0 une origine cong\u00e9nitale.\t\t\t\t\t\t\t\t<\/div>\n\t\t\t\t<\/div>\n\t\t\t\t<div class=\"elementor-element elementor-element-ae6bb69 elementor-widget elementor-widget-text-editor\" data-id=\"ae6bb69\" data-element_type=\"widget\" data-widget_type=\"text-editor.default\">\n\t\t\t\t<div class=\"elementor-widget-container\">\n\t\t\t\t\t\t\t\t\tComme chez les humains, les animaux peuvent aussi dor\u00e9navant b\u00e9n\u00e9ficier d&#8217;orth\u00e8ses et de proth\u00e8ses contribuant ainsi \u00e0 am\u00e9liorer et \u00e0 prolonger la qualit\u00e9 de vie des animaux qui sont atteints de limitations fonctionnelles temporaires ou permanentes.\t\t\t\t\t\t\t\t<\/div>\n\t\t\t\t<\/div>\n\t\t\t\t\t<\/div>\n\t\t<\/div>\n\t\t\t\t\t<\/div>\n\t\t<\/section>\n\t\t\t\t<section class=\"elementor-section elementor-top-section elementor-element elementor-element-ec3b534 elementor-section-stretched elementor-section-boxed elementor-section-height-default elementor-section-height-default\" data-id=\"ec3b534\" data-element_type=\"section\" data-settings=\"{&quot;background_background&quot;:&quot;classic&quot;,&quot;stretch_section&quot;:&quot;section-stretched&quot;}\">\n\t\t\t\t\t\t<div class=\"elementor-container elementor-column-gap-default\">\n\t\t\t\t\t<div class=\"elementor-column elementor-col-100 elementor-top-column elementor-element elementor-element-865bcb0\" data-id=\"865bcb0\" data-element_type=\"column\">\n\t\t\t<div class=\"elementor-widget-wrap elementor-element-populated\">\n\t\t\t\t\t\t<div class=\"elementor-element elementor-element-7d71ff8 elementor-widget elementor-widget-heading\" data-id=\"7d71ff8\" data-element_type=\"widget\" data-widget_type=\"heading.default\">\n\t\t\t\t<div class=\"elementor-widget-container\">\n\t\t\t\t\t<h2 class=\"elementor-heading-title elementor-size-default\">NOTRE MISSION<\/h2>\t\t\t\t<\/div>\n\t\t\t\t<\/div>\n\t\t\t\t<div class=\"elementor-element elementor-element-45278c5 elementor-widget elementor-widget-text-editor\" data-id=\"45278c5\" data-element_type=\"widget\" data-widget_type=\"text-editor.default\">\n\t\t\t\t<div class=\"elementor-widget-container\">\n\t\t\t\t\t\t\t\t\t<strong>ORTHO DESIGN<\/strong> mettra tout en \u0153uvre pour trouver la meilleure solution afin de concevoir un appareil ou une adaptation sur mesure qui sera r\u00e9pondre le plus ad\u00e9quatement possible \u00e0 la d\u00e9ficience physique de votre animal tout en respectant s&#8217;il y a lieu les sp\u00e9cifications et les recommandations du propri\u00e9taire de l&#8217;animal et\/ou du m\u00e9decin v\u00e9t\u00e9rinaire. Notre travail consiste \u00e9galement \u00e0 bien informer notre client\u00e8le sur l&#8217;entretien, l&#8217;installation, la p\u00e9riode d&#8217;adaptation, la garantie, etc, tout en assurant un suivi professionnel.\t\t\t\t\t\t\t\t<\/div>\n\t\t\t\t<\/div>\n\t\t\t\t\t<\/div>\n\t\t<\/div>\n\t\t\t\t\t<\/div>\n\t\t<\/section>\n\t\t\t\t<section class=\"elementor-section elementor-top-section elementor-element elementor-element-6b3e80f elementor-section-stretched elementor-section-boxed elementor-section-height-default elementor-section-height-default\" data-id=\"6b3e80f\" data-element_type=\"section\" data-settings=\"{&quot;background_background&quot;:&quot;classic&quot;,&quot;stretch_section&quot;:&quot;section-stretched&quot;}\">\n\t\t\t\t\t\t\t<div class=\"elementor-background-overlay\"><\/div>\n\t\t\t\t\t\t\t<div class=\"elementor-container elementor-column-gap-default\">\n\t\t\t\t\t<div class=\"elementor-column elementor-col-50 elementor-top-column elementor-element elementor-element-d15d2cc elementor-hidden-tablet elementor-hidden-mobile\" data-id=\"d15d2cc\" data-element_type=\"column\">\n\t\t\t<div class=\"elementor-widget-wrap\">\n\t\t\t\t\t\t\t<\/div>\n\t\t<\/div>\n\t\t\t\t<div class=\"elementor-column elementor-col-50 elementor-top-column elementor-element elementor-element-52a9a0f\" data-id=\"52a9a0f\" data-element_type=\"column\">\n\t\t\t<div class=\"elementor-widget-wrap elementor-element-populated\">\n\t\t\t\t\t\t<div class=\"elementor-element elementor-element-3d2f2b2 elementor-widget elementor-widget-heading\" data-id=\"3d2f2b2\" data-element_type=\"widget\" data-widget_type=\"heading.default\">\n\t\t\t\t<div class=\"elementor-widget-container\">\n\t\t\t\t\t<h2 class=\"elementor-heading-title elementor-size-default\">VOTRE EXPERT<\/h2>\t\t\t\t<\/div>\n\t\t\t\t<\/div>\n\t\t\t\t<div class=\"elementor-element elementor-element-440b691 elementor-widget elementor-widget-text-editor\" data-id=\"440b691\" data-element_type=\"widget\" data-widget_type=\"text-editor.default\">\n\t\t\t\t<div class=\"elementor-widget-container\">\n\t\t\t\t\t\t\t\t\t<p>Bachelier de l&#8217;Universit\u00e9 du Qu\u00e9bec \u00e0 Montr\u00e9al en biologie-physiologie et dipl\u00f4m\u00e9 en techniques d&#8217;orth\u00e8ses et de proth\u00e8ses orthop\u00e9diques depuis 1996, M. <strong>R\u00e9jean Grou<\/strong> a travaill\u00e9 une dizaine d&#8217;ann\u00e9es comme orth\u00e9siste-proth\u00e9siste, chef d&#8217;\u00e9quipe et sp\u00e9cialiste en activit\u00e9s cliniques au service d&#8217;un centre de r\u00e9adaptation. \u00c9galement charg\u00e9 de cours au coll\u00e8ge au sein du programme techniques d&#8217;orth\u00e8ses et de proth\u00e8ses orthop\u00e9diques et participant \u00e9galement au comit\u00e9, secteur orth\u00e8ses-proth\u00e8ses, aupr\u00e8s du Minist\u00e8re de la Sant\u00e9 et des Services sociaux (MSSS) du gouvernement du Qu\u00e9bec puis pour finalement fonder en 2008 sa propre compagnie: <strong>ORTHO DESIGN<\/strong>. Ainsi Monsieur Grou a su int\u00e9grer avec succ\u00e8s ses connaissances et son exp\u00e9rience au profit du domaine v\u00e9t\u00e9rinaire contribuant grandement au d\u00e9veloppement de cette option de traitement encore trop peu connue et ce pour le b\u00e9n\u00e9fice du bien-\u00eatre des animaux.<\/p>\t\t\t\t\t\t\t\t<\/div>\n\t\t\t\t<\/div>\n\t\t\t\t<div class=\"elementor-element elementor-element-69c747e elementor-widget elementor-widget-heading\" data-id=\"69c747e\" data-element_type=\"widget\" data-widget_type=\"heading.default\">\n\t\t\t\t<div class=\"elementor-widget-container\">\n\t\t\t\t\t<h4 class=\"elementor-heading-title elementor-size-default\">R\u00e9jean Grou ( D.T.O.P., B.Sc. )\n<\/h4>\t\t\t\t<\/div>\n\t\t\t\t<\/div>\n\t\t\t\t<div class=\"elementor-element elementor-element-4fef67f elementor-widget elementor-widget-text-editor\" data-id=\"4fef67f\" data-element_type=\"widget\" data-widget_type=\"text-editor.default\">\n\t\t\t\t<div class=\"elementor-widget-container\">\n\t\t\t\t\t\t\t\t\t<strong>Propri\u00e9taire et Fondateur<\/strong>\t\t\t\t\t\t\t\t<\/div>\n\t\t\t\t<\/div>\n\t\t\t\t<div class=\"elementor-element elementor-element-248f2e2 elementor-widget elementor-widget-text-editor\" data-id=\"248f2e2\" data-element_type=\"widget\" data-widget_type=\"text-editor.default\">\n\t\t\t\t<div class=\"elementor-widget-container\">\n\t\t\t\t\t\t\t\t\t<strong>Orth\u00e9siste \u2013 Proth\u00e9siste<\/strong><br>\n<strong>Biologiste &#8211; Physiologiste<\/strong>\t\t\t\t\t\t\t\t<\/div>\n\t\t\t\t<\/div>\n\t\t\t\t<div class=\"elementor-element elementor-element-73b9004 elementor-widget elementor-widget-text-editor\" data-id=\"73b9004\" data-element_type=\"widget\" data-widget_type=\"text-editor.default\">\n\t\t\t\t<div class=\"elementor-widget-container\">\n\t\t\t\t\t\t\t\t\t<strong>ORTHO DESIGN<\/strong>\t\t\t\t\t\t\t\t<\/div>\n\t\t\t\t<\/div>\n\t\t\t\t\t<\/div>\n\t\t<\/div>\n\t\t\t\t\t<\/div>\n\t\t<\/section>\n\t\t\t\t<\/div>\n\t\t","protected":false},"excerpt":{"rendered":"<p>\u00c0 PROPOS BIENVENUE CHEZ ORTHO DESIGN ORTHO DESIGN est une compagnie innovatrice qui se sp\u00e9cialise depuis 2008 dans la conception et la fabrication d&#8217;orth\u00e8ses, de proth\u00e8ses et autres adaptations pour animaux. En \u00e9troite collaboration avec les m\u00e9decins v\u00e9t\u00e9rinaires, en pluridisciplinarit\u00e9 , ORTHO DESIGN d\u00e9termine les besoins sp\u00e9cifiques relatifs \u00e0 l&#8217;appareillage orthop\u00e9dique aupr\u00e8s des animaux ayant [&hellip;]<\/p>\n","protected":false},"author":1,"featured_media":0,"parent":0,"menu_order":0,"comment_status":"closed","ping_status":"closed","template":"","meta":{"inline_featured_image":false,"site-sidebar-layout":"no-sidebar","site-content-layout":"","ast-site-content-layout":"full-width-container","site-content-style":"default","site-sidebar-style":"default","ast-global-header-display":"","ast-banner-title-visibility":"","ast-main-header-display":"","ast-hfb-above-header-display":"","ast-hfb-below-header-display":"","ast-hfb-mobile-header-display":"","site-post-title":"disabled","ast-breadcrumbs-content":"","ast-featured-img":"disabled","footer-sml-layout":"","theme-transparent-header-meta":"","adv-header-id-meta":"","stick-header-meta":"","header-above-stick-meta":"","header-main-stick-meta":"","header-below-stick-meta":"","astra-migrate-meta-layouts":"default","ast-page-background-enabled":"default","ast-page-background-meta":{"desktop":{"background-color":"var(--ast-global-color-4)","background-image":"","background-repeat":"repeat","background-position":"center center","background-size":"auto","background-attachment":"scroll","background-type":"","background-media":"","overlay-type":"","overlay-color":"","overlay-opacity":"","overlay-gradient":""},"tablet":{"background-color":"","background-image":"","background-repeat":"repeat","background-position":"center center","background-size":"auto","background-attachment":"scroll","background-type":"","background-media":"","overlay-type":"","overlay-color":"","overlay-opacity":"","overlay-gradient":""},"mobile":{"background-color":"","background-image":"","background-repeat":"repeat","background-position":"center center","background-size":"auto","background-attachment":"scroll","background-type":"","background-media":"","overlay-type":"","overlay-color":"","overlay-opacity":"","overlay-gradient":""}},"ast-content-background-meta":{"desktop":{"background-color":"var(--ast-global-color-5)","background-image":"","background-repeat":"repeat","background-position":"center center","background-size":"auto","background-attachment":"scroll","background-type":"","background-media":"","overlay-type":"","overlay-color":"","overlay-opacity":"","overlay-gradient":""},"tablet":{"background-color":"var(--ast-global-color-5)","background-image":"","background-repeat":"repeat","background-position":"center center","background-size":"auto","background-attachment":"scroll","background-type":"","background-media":"","overlay-type":"","overlay-color":"","overlay-opacity":"","overlay-gradient":""},"mobile":{"background-color":"var(--ast-global-color-5)","background-image":"","background-repeat":"repeat","background-position":"center center","background-size":"auto","background-attachment":"scroll","background-type":"","background-media":"","overlay-type":"","overlay-color":"","overlay-opacity":"","overlay-gradient":""}},"footnotes":""},"class_list":["post-6286","page","type-page","status-publish","hentry"],"yoast_head":"<!-- This site is optimized with the Yoast SEO plugin v24.2 - https:\/\/yoast.com\/wordpress\/plugins\/seo\/ -->\n<title>\u00c0 propos de nous | Ortho Design<\/title>\n<meta name=\"description\" content=\"D\u00e9couvrez notre compagnie sp\u00e9cialis\u00e9e depuis 2008 dans la conception et la fabrication d\u2019orth\u00e8ses, de proth\u00e8ses et autres adaptations pour animaux\" \/>\n<meta name=\"robots\" content=\"index, follow, max-snippet:-1, max-image-preview:large, max-video-preview:-1\" \/>\n<link rel=\"canonical\" href=\"https:\/\/orthodesign.ca\/fr\/a-propos-de-nous\/\" \/>\n<meta property=\"og:locale\" content=\"fr_FR\" \/>\n<meta property=\"og:type\" content=\"article\" \/>\n<meta property=\"og:title\" content=\"\u00c0 propos de nous | Ortho Design\" \/>\n<meta property=\"og:description\" content=\"D\u00e9couvrez notre compagnie sp\u00e9cialis\u00e9e depuis 2008 dans la conception et la fabrication d\u2019orth\u00e8ses, de proth\u00e8ses et autres adaptations pour animaux\" \/>\n<meta property=\"og:url\" content=\"https:\/\/orthodesign.ca\/fr\/a-propos-de-nous\/\" \/>\n<meta property=\"og:site_name\" content=\"Ortho Design\" \/>\n<meta property=\"article:publisher\" content=\"https:\/\/www.facebook.com\/orthoticprosthetic2\" \/>\n<meta property=\"article:modified_time\" content=\"2024-02-29T19:49:44+00:00\" \/>\n<meta name=\"twitter:card\" content=\"summary_large_image\" \/>\n<meta name=\"twitter:label1\" content=\"Dur\u00e9e de lecture estim\u00e9e\" \/>\n\t<meta name=\"twitter:data1\" content=\"2 minutes\" \/>\n<script type=\"application\/ld+json\" class=\"yoast-schema-graph\">{\"@context\":\"https:\/\/schema.org\",\"@graph\":[{\"@type\":\"WebPage\",\"@id\":\"https:\/\/orthodesign.ca\/fr\/a-propos-de-nous\/\",\"url\":\"https:\/\/orthodesign.ca\/fr\/a-propos-de-nous\/\",\"name\":\"\u00c0 propos de nous | Ortho Design\",\"isPartOf\":{\"@id\":\"https:\/\/orthodesign.ca\/fr\/#website\"},\"datePublished\":\"2023-09-13T04:27:19+00:00\",\"dateModified\":\"2024-02-29T19:49:44+00:00\",\"description\":\"D\u00e9couvrez notre compagnie sp\u00e9cialis\u00e9e depuis 2008 dans la conception et la fabrication d\u2019orth\u00e8ses, de proth\u00e8ses et autres adaptations pour animaux\",\"breadcrumb\":{\"@id\":\"https:\/\/orthodesign.ca\/fr\/a-propos-de-nous\/#breadcrumb\"},\"inLanguage\":\"fr-FR\",\"potentialAction\":[{\"@type\":\"ReadAction\",\"target\":[\"https:\/\/orthodesign.ca\/fr\/a-propos-de-nous\/\"]}]},{\"@type\":\"BreadcrumbList\",\"@id\":\"https:\/\/orthodesign.ca\/fr\/a-propos-de-nous\/#breadcrumb\",\"itemListElement\":[{\"@type\":\"ListItem\",\"position\":1,\"name\":\"Home\",\"item\":\"https:\/\/orthodesign.ca\/fr\/\"},{\"@type\":\"ListItem\",\"position\":2,\"name\":\"\u00c0 propos de nous\"}]},{\"@type\":\"WebSite\",\"@id\":\"https:\/\/orthodesign.ca\/fr\/#website\",\"url\":\"https:\/\/orthodesign.ca\/fr\/\",\"name\":\"Ortho Design\",\"description\":\"\",\"publisher\":{\"@id\":\"https:\/\/orthodesign.ca\/fr\/#organization\"},\"potentialAction\":[{\"@type\":\"SearchAction\",\"target\":{\"@type\":\"EntryPoint\",\"urlTemplate\":\"https:\/\/orthodesign.ca\/fr\/?s={search_term_string}\"},\"query-input\":{\"@type\":\"PropertyValueSpecification\",\"valueRequired\":true,\"valueName\":\"search_term_string\"}}],\"inLanguage\":\"fr-FR\"},{\"@type\":\"Organization\",\"@id\":\"https:\/\/orthodesign.ca\/fr\/#organization\",\"name\":\"Ortho Design\",\"url\":\"https:\/\/orthodesign.ca\/fr\/\",\"logo\":{\"@type\":\"ImageObject\",\"inLanguage\":\"fr-FR\",\"@id\":\"https:\/\/orthodesign.ca\/fr\/#\/schema\/logo\/image\/\",\"url\":\"https:\/\/orthodesign.ca\/wp-content\/uploads\/2023\/12\/Ortho_logo-fr-final.png\",\"contentUrl\":\"https:\/\/orthodesign.ca\/wp-content\/uploads\/2023\/12\/Ortho_logo-fr-final.png\",\"width\":770,\"height\":344,\"caption\":\"Ortho Design\"},\"image\":{\"@id\":\"https:\/\/orthodesign.ca\/fr\/#\/schema\/logo\/image\/\"},\"sameAs\":[\"https:\/\/www.facebook.com\/orthoticprosthetic2\",\"https:\/\/www.instagram.com\/orthodesign.ca\/\"]}]}<\/script>\n<!-- \/ Yoast SEO plugin. -->","yoast_head_json":{"title":"\u00c0 propos de nous | Ortho Design","description":"D\u00e9couvrez notre compagnie sp\u00e9cialis\u00e9e depuis 2008 dans la conception et la fabrication d\u2019orth\u00e8ses, de proth\u00e8ses et autres adaptations pour animaux","robots":{"index":"index","follow":"follow","max-snippet":"max-snippet:-1","max-image-preview":"max-image-preview:large","max-video-preview":"max-video-preview:-1"},"canonical":"https:\/\/orthodesign.ca\/fr\/a-propos-de-nous\/","og_locale":"fr_FR","og_type":"article","og_title":"\u00c0 propos de nous | Ortho Design","og_description":"D\u00e9couvrez notre compagnie sp\u00e9cialis\u00e9e depuis 2008 dans la conception et la fabrication d\u2019orth\u00e8ses, de proth\u00e8ses et autres adaptations pour animaux","og_url":"https:\/\/orthodesign.ca\/fr\/a-propos-de-nous\/","og_site_name":"Ortho Design","article_publisher":"https:\/\/www.facebook.com\/orthoticprosthetic2","article_modified_time":"2024-02-29T19:49:44+00:00","twitter_card":"summary_large_image","twitter_misc":{"Dur\u00e9e de lecture estim\u00e9e":"2 minutes"},"schema":{"@context":"https:\/\/schema.org","@graph":[{"@type":"WebPage","@id":"https:\/\/orthodesign.ca\/fr\/a-propos-de-nous\/","url":"https:\/\/orthodesign.ca\/fr\/a-propos-de-nous\/","name":"\u00c0 propos de nous | Ortho Design","isPartOf":{"@id":"https:\/\/orthodesign.ca\/fr\/#website"},"datePublished":"2023-09-13T04:27:19+00:00","dateModified":"2024-02-29T19:49:44+00:00","description":"D\u00e9couvrez notre compagnie sp\u00e9cialis\u00e9e depuis 2008 dans la conception et la fabrication d\u2019orth\u00e8ses, de proth\u00e8ses et autres adaptations pour animaux","breadcrumb":{"@id":"https:\/\/orthodesign.ca\/fr\/a-propos-de-nous\/#breadcrumb"},"inLanguage":"fr-FR","potentialAction":[{"@type":"ReadAction","target":["https:\/\/orthodesign.ca\/fr\/a-propos-de-nous\/"]}]},{"@type":"BreadcrumbList","@id":"https:\/\/orthodesign.ca\/fr\/a-propos-de-nous\/#breadcrumb","itemListElement":[{"@type":"ListItem","position":1,"name":"Home","item":"https:\/\/orthodesign.ca\/fr\/"},{"@type":"ListItem","position":2,"name":"\u00c0 propos de nous"}]},{"@type":"WebSite","@id":"https:\/\/orthodesign.ca\/fr\/#website","url":"https:\/\/orthodesign.ca\/fr\/","name":"Ortho Design","description":"","publisher":{"@id":"https:\/\/orthodesign.ca\/fr\/#organization"},"potentialAction":[{"@type":"SearchAction","target":{"@type":"EntryPoint","urlTemplate":"https:\/\/orthodesign.ca\/fr\/?s={search_term_string}"},"query-input":{"@type":"PropertyValueSpecification","valueRequired":true,"valueName":"search_term_string"}}],"inLanguage":"fr-FR"},{"@type":"Organization","@id":"https:\/\/orthodesign.ca\/fr\/#organization","name":"Ortho Design","url":"https:\/\/orthodesign.ca\/fr\/","logo":{"@type":"ImageObject","inLanguage":"fr-FR","@id":"https:\/\/orthodesign.ca\/fr\/#\/schema\/logo\/image\/","url":"https:\/\/orthodesign.ca\/wp-content\/uploads\/2023\/12\/Ortho_logo-fr-final.png","contentUrl":"https:\/\/orthodesign.ca\/wp-content\/uploads\/2023\/12\/Ortho_logo-fr-final.png","width":770,"height":344,"caption":"Ortho Design"},"image":{"@id":"https:\/\/orthodesign.ca\/fr\/#\/schema\/logo\/image\/"},"sameAs":["https:\/\/www.facebook.com\/orthoticprosthetic2","https:\/\/www.instagram.com\/orthodesign.ca\/"]}]}},"_links":{"self":[{"href":"https:\/\/orthodesign.ca\/fr\/wp-json\/wp\/v2\/pages\/6286","targetHints":{"allow":["GET"]}}],"collection":[{"href":"https:\/\/orthodesign.ca\/fr\/wp-json\/wp\/v2\/pages"}],"about":[{"href":"https:\/\/orthodesign.ca\/fr\/wp-json\/wp\/v2\/types\/page"}],"author":[{"embeddable":true,"href":"https:\/\/orthodesign.ca\/fr\/wp-json\/wp\/v2\/users\/1"}],"replies":[{"embeddable":true,"href":"https:\/\/orthodesign.ca\/fr\/wp-json\/wp\/v2\/comments?post=6286"}],"version-history":[{"count":0,"href":"https:\/\/orthodesign.ca\/fr\/wp-json\/wp\/v2\/pages\/6286\/revisions"}],"wp:attachment":[{"href":"https:\/\/orthodesign.ca\/fr\/wp-json\/wp\/v2\/media?parent=6286"}],"curies":[{"name":"wp","href":"https:\/\/api.w.org\/{rel}","templated":true}]}}