{"id":6293,"date":"2023-09-25T08:50:41","date_gmt":"2023-09-25T08:50:41","guid":{"rendered":"https:\/\/orthodesign.ca\/cervicale-cou\/"},"modified":"2024-02-29T19:42:17","modified_gmt":"2024-02-29T19:42:17","slug":"cervicale-cou","status":"publish","type":"page","link":"https:\/\/orthodesign.ca\/fr\/cervicale-cou\/","title":{"rendered":"CERVICALE (COU)"},"content":{"rendered":"\t\t<div data-elementor-type=\"wp-page\" data-elementor-id=\"6293\" class=\"elementor elementor-6293 elementor-1549\" data-elementor-post-type=\"page\">\n\t\t\t\t\t\t<section class=\"elementor-section elementor-top-section elementor-element elementor-element-0d0ad1a elementor-section-full_width elementor-section-height-min-height elementor-section-stretched elementor-section-height-default elementor-section-items-middle\" data-id=\"0d0ad1a\" data-element_type=\"section\" data-settings=\"{&quot;background_background&quot;:&quot;classic&quot;,&quot;stretch_section&quot;:&quot;section-stretched&quot;}\">\n\t\t\t\t\t\t\t<div class=\"elementor-background-overlay\"><\/div>\n\t\t\t\t\t\t\t<div class=\"elementor-container elementor-column-gap-default\">\n\t\t\t\t\t<div class=\"elementor-column elementor-col-100 elementor-top-column elementor-element elementor-element-6db137a\" data-id=\"6db137a\" data-element_type=\"column\">\n\t\t\t<div class=\"elementor-widget-wrap elementor-element-populated\">\n\t\t\t\t\t\t<div class=\"elementor-element elementor-element-67bd3ee text-center elementor-widget elementor-widget-tp-heading-title\" data-id=\"67bd3ee\" data-element_type=\"widget\" data-widget_type=\"tp-heading-title.default\">\n\t\t\t\t<div class=\"elementor-widget-container\">\n\t\t\t\t\t<div class=\"heading heading_style heading_style69f2377711f7e style-2 \" ><div class=\"sub-style \"  ><div class=\"head-title \" > <h1  class=\"heading-title   \"   data-hover=\"ORTH\u00c8SE CERVICALE (COU)\">ORTH\u00c8SE CERVICALE (COU)<\/h1><\/div><\/div><\/div>\t\t\t\t<\/div>\n\t\t\t\t<\/div>\n\t\t\t\t\t<\/div>\n\t\t<\/div>\n\t\t\t\t\t<\/div>\n\t\t<\/section>\n\t\t\t\t<section class=\"elementor-section elementor-top-section elementor-element elementor-element-6141b45 elementor-section-stretched elementor-section-boxed elementor-section-height-default elementor-section-height-default\" data-id=\"6141b45\" data-element_type=\"section\" data-settings=\"{&quot;stretch_section&quot;:&quot;section-stretched&quot;}\">\n\t\t\t\t\t\t<div class=\"elementor-container elementor-column-gap-default\">\n\t\t\t\t\t<div class=\"elementor-column elementor-col-100 elementor-top-column elementor-element elementor-element-afaba90\" data-id=\"afaba90\" data-element_type=\"column\">\n\t\t\t<div class=\"elementor-widget-wrap elementor-element-populated\">\n\t\t\t\t\t\t<div class=\"elementor-element elementor-element-e7082d9 elementor-widget elementor-widget-text-editor\" data-id=\"e7082d9\" data-element_type=\"widget\" data-widget_type=\"text-editor.default\">\n\t\t\t\t<div class=\"elementor-widget-container\">\n\t\t\t\t\t\t\t\t\tPermet de prot\u00e9ger et de stabiliser les vert\u00e8bres cervicales et \u00e9galement de contr\u00f4ler les mouvements du cou et de la t\u00eate de l&#8217;animal. Permet une certaine d\u00e9compression des vert\u00e8bres, diminution du stress sur les ligaments, tendons, muscles et surfaces articulaires.\n\t\t\t\t\t\t\t\t<\/div>\n\t\t\t\t<\/div>\n\t\t\t\t<div class=\"elementor-element elementor-element-39e88ad uael-img-grid__column-3 uael-img-grid-tablet__column-3 uael-img-grid-mobile__column-2 uael-ins-normal elementor-widget elementor-widget-uael-image-gallery\" data-id=\"39e88ad\" data-element_type=\"widget\" data-settings=\"{&quot;gallery_columns&quot;:&quot;3&quot;,&quot;gallery_columns_tablet&quot;:&quot;3&quot;,&quot;gallery_columns_mobile&quot;:&quot;2&quot;,&quot;column_gap&quot;:{&quot;unit&quot;:&quot;px&quot;,&quot;size&quot;:20,&quot;sizes&quot;:[]},&quot;column_gap_tablet&quot;:{&quot;unit&quot;:&quot;px&quot;,&quot;size&quot;:&quot;&quot;,&quot;sizes&quot;:[]},&quot;column_gap_mobile&quot;:{&quot;unit&quot;:&quot;px&quot;,&quot;size&quot;:&quot;&quot;,&quot;sizes&quot;:[]},&quot;row_gap&quot;:{&quot;unit&quot;:&quot;px&quot;,&quot;size&quot;:20,&quot;sizes&quot;:[]},&quot;row_gap_tablet&quot;:{&quot;unit&quot;:&quot;px&quot;,&quot;size&quot;:&quot;&quot;,&quot;sizes&quot;:[]},&quot;row_gap_mobile&quot;:{&quot;unit&quot;:&quot;px&quot;,&quot;size&quot;:&quot;&quot;,&quot;sizes&quot;:[]},&quot;images_valign&quot;:&quot;flex-start&quot;}\" data-widget_type=\"uael-image-gallery.default\">\n\t\t\t\t<div class=\"elementor-widget-container\">\n\t\t\t\t\t<div class=\"uael-gallery-parent uael-caption- uael-gallery-unjustified\"><div class=\"uael-img-gallery-wrap uael-img-grid-wrap uael-img-grid-masonry-wrap uael-image-lightbox-wrap\" data-filter-default=\"All\" data-lightbox_actions=\"[&quot;close&quot;]\" data-lightbox-gallery-loop=\"\"><div class=\"uael-grid-item  uael-img-gallery-item-1\"><div class=\"uael-grid-item-content\"><a class=\"uael-grid-img uael-grid-gallery-img uael-ins-hover elementor-clickable\" data-fancybox=\"uael-gallery\" href=\"https:\/\/orthodesign.ca\/wp-content\/uploads\/2023\/12\/1-2.jpg\" data-elementor-open-lightbox=\"no\"><div class=\"uael-grid-img-thumbnail uael-ins-target\"><img fetchpriority=\"high\" decoding=\"async\" width=\"300\" height=\"300\" src=\"https:\/\/orthodesign.ca\/wp-content\/uploads\/2023\/12\/1-2-300x300.jpg\" class=\"attachment-medium size-medium wp-image-8655\" alt=\"\" srcset=\"https:\/\/orthodesign.ca\/wp-content\/uploads\/2023\/12\/1-2-300x300.jpg 300w, https:\/\/orthodesign.ca\/wp-content\/uploads\/2023\/12\/1-2-150x150.jpg 150w, https:\/\/orthodesign.ca\/wp-content\/uploads\/2023\/12\/1-2.jpg 500w\" sizes=\"(max-width: 300px) 100vw, 300px\" \/><\/div><div class=\"uael-grid-img-overlay\"><\/div><\/a><\/div><\/div><div class=\"uael-grid-item  uael-img-gallery-item-2\"><div class=\"uael-grid-item-content\"><a class=\"uael-grid-img uael-grid-gallery-img uael-ins-hover elementor-clickable\" data-fancybox=\"uael-gallery\" href=\"https:\/\/orthodesign.ca\/wp-content\/uploads\/2023\/12\/2-2.jpg\" data-elementor-open-lightbox=\"no\"><div class=\"uael-grid-img-thumbnail uael-ins-target\"><img decoding=\"async\" width=\"300\" height=\"300\" src=\"https:\/\/orthodesign.ca\/wp-content\/uploads\/2023\/12\/2-2-300x300.jpg\" class=\"attachment-medium size-medium wp-image-8657\" alt=\"\" srcset=\"https:\/\/orthodesign.ca\/wp-content\/uploads\/2023\/12\/2-2-300x300.jpg 300w, https:\/\/orthodesign.ca\/wp-content\/uploads\/2023\/12\/2-2-150x150.jpg 150w, https:\/\/orthodesign.ca\/wp-content\/uploads\/2023\/12\/2-2.jpg 500w\" sizes=\"(max-width: 300px) 100vw, 300px\" \/><\/div><div class=\"uael-grid-img-overlay\"><\/div><\/a><\/div><\/div><div class=\"uael-grid-item  uael-img-gallery-item-3\"><div class=\"uael-grid-item-content\"><a class=\"uael-grid-img uael-grid-gallery-img uael-ins-hover elementor-clickable\" data-fancybox=\"uael-gallery\" href=\"https:\/\/orthodesign.ca\/wp-content\/uploads\/2023\/12\/3-1.jpg\" data-elementor-open-lightbox=\"no\"><div class=\"uael-grid-img-thumbnail uael-ins-target\"><img decoding=\"async\" width=\"300\" height=\"300\" src=\"https:\/\/orthodesign.ca\/wp-content\/uploads\/2023\/12\/3-1-300x300.jpg\" class=\"attachment-medium size-medium wp-image-8659\" alt=\"\" srcset=\"https:\/\/orthodesign.ca\/wp-content\/uploads\/2023\/12\/3-1-300x300.jpg 300w, https:\/\/orthodesign.ca\/wp-content\/uploads\/2023\/12\/3-1-150x150.jpg 150w, https:\/\/orthodesign.ca\/wp-content\/uploads\/2023\/12\/3-1.jpg 500w\" sizes=\"(max-width: 300px) 100vw, 300px\" \/><\/div><div class=\"uael-grid-img-overlay\"><\/div><\/a><\/div><\/div><div class=\"uael-grid-item  uael-img-gallery-item-4\"><div class=\"uael-grid-item-content\"><a class=\"uael-grid-img uael-grid-gallery-img uael-ins-hover elementor-clickable\" data-fancybox=\"uael-gallery\" href=\"https:\/\/orthodesign.ca\/wp-content\/uploads\/2023\/12\/4-3.jpg\" data-elementor-open-lightbox=\"no\"><div class=\"uael-grid-img-thumbnail uael-ins-target\"><img loading=\"lazy\" decoding=\"async\" width=\"300\" height=\"300\" src=\"https:\/\/orthodesign.ca\/wp-content\/uploads\/2023\/12\/4-3-300x300.jpg\" class=\"attachment-medium size-medium wp-image-8661\" alt=\"\" srcset=\"https:\/\/orthodesign.ca\/wp-content\/uploads\/2023\/12\/4-3-300x300.jpg 300w, https:\/\/orthodesign.ca\/wp-content\/uploads\/2023\/12\/4-3-150x150.jpg 150w, https:\/\/orthodesign.ca\/wp-content\/uploads\/2023\/12\/4-3.jpg 500w\" sizes=\"(max-width: 300px) 100vw, 300px\" \/><\/div><div class=\"uael-grid-img-overlay\"><\/div><\/a><\/div><\/div><div class=\"uael-grid-item  uael-img-gallery-item-5\"><div class=\"uael-grid-item-content\"><a class=\"uael-grid-img uael-grid-gallery-img uael-ins-hover elementor-clickable\" data-fancybox=\"uael-gallery\" href=\"https:\/\/orthodesign.ca\/wp-content\/uploads\/2023\/12\/5.jpg\" data-elementor-open-lightbox=\"no\"><div class=\"uael-grid-img-thumbnail uael-ins-target\"><img loading=\"lazy\" decoding=\"async\" width=\"300\" height=\"300\" src=\"https:\/\/orthodesign.ca\/wp-content\/uploads\/2023\/12\/5-300x300.jpg\" class=\"attachment-medium size-medium wp-image-8663\" alt=\"\" srcset=\"https:\/\/orthodesign.ca\/wp-content\/uploads\/2023\/12\/5-300x300.jpg 300w, https:\/\/orthodesign.ca\/wp-content\/uploads\/2023\/12\/5-150x150.jpg 150w, https:\/\/orthodesign.ca\/wp-content\/uploads\/2023\/12\/5.jpg 500w\" sizes=\"(max-width: 300px) 100vw, 300px\" \/><\/div><div class=\"uael-grid-img-overlay\"><\/div><\/a><\/div><\/div><div class=\"uael-grid-item  uael-img-gallery-item-6\"><div class=\"uael-grid-item-content\"><a class=\"uael-grid-img uael-grid-gallery-img uael-ins-hover elementor-clickable\" data-fancybox=\"uael-gallery\" href=\"https:\/\/orthodesign.ca\/wp-content\/uploads\/2023\/12\/6-1.jpg\" data-elementor-open-lightbox=\"no\"><div class=\"uael-grid-img-thumbnail uael-ins-target\"><img loading=\"lazy\" decoding=\"async\" width=\"300\" height=\"300\" src=\"https:\/\/orthodesign.ca\/wp-content\/uploads\/2023\/12\/6-1-300x300.jpg\" class=\"attachment-medium size-medium wp-image-8665\" alt=\"\" srcset=\"https:\/\/orthodesign.ca\/wp-content\/uploads\/2023\/12\/6-1-300x300.jpg 300w, https:\/\/orthodesign.ca\/wp-content\/uploads\/2023\/12\/6-1-150x150.jpg 150w, https:\/\/orthodesign.ca\/wp-content\/uploads\/2023\/12\/6-1.jpg 500w\" sizes=\"(max-width: 300px) 100vw, 300px\" \/><\/div><div class=\"uael-grid-img-overlay\"><\/div><\/a><\/div><\/div><div class=\"uael-grid-item  uael-img-gallery-item-7\"><div class=\"uael-grid-item-content\"><a class=\"uael-grid-img uael-grid-gallery-img uael-ins-hover elementor-clickable\" data-fancybox=\"uael-gallery\" href=\"https:\/\/orthodesign.ca\/wp-content\/uploads\/2023\/12\/7.jpg\" data-elementor-open-lightbox=\"no\"><div class=\"uael-grid-img-thumbnail uael-ins-target\"><img loading=\"lazy\" decoding=\"async\" width=\"300\" height=\"300\" src=\"https:\/\/orthodesign.ca\/wp-content\/uploads\/2023\/12\/7-300x300.jpg\" class=\"attachment-medium size-medium wp-image-8667\" alt=\"\" srcset=\"https:\/\/orthodesign.ca\/wp-content\/uploads\/2023\/12\/7-300x300.jpg 300w, https:\/\/orthodesign.ca\/wp-content\/uploads\/2023\/12\/7-150x150.jpg 150w, https:\/\/orthodesign.ca\/wp-content\/uploads\/2023\/12\/7.jpg 500w\" sizes=\"(max-width: 300px) 100vw, 300px\" \/><\/div><div class=\"uael-grid-img-overlay\"><\/div><\/a><\/div><\/div><div class=\"uael-grid-item  uael-img-gallery-item-8\"><div class=\"uael-grid-item-content\"><a class=\"uael-grid-img uael-grid-gallery-img uael-ins-hover elementor-clickable\" data-fancybox=\"uael-gallery\" href=\"https:\/\/orthodesign.ca\/wp-content\/uploads\/2023\/12\/8.jpg\" data-elementor-open-lightbox=\"no\"><div class=\"uael-grid-img-thumbnail uael-ins-target\"><img loading=\"lazy\" decoding=\"async\" width=\"300\" height=\"300\" src=\"https:\/\/orthodesign.ca\/wp-content\/uploads\/2023\/12\/8-300x300.jpg\" class=\"attachment-medium size-medium wp-image-8669\" alt=\"\" srcset=\"https:\/\/orthodesign.ca\/wp-content\/uploads\/2023\/12\/8-300x300.jpg 300w, https:\/\/orthodesign.ca\/wp-content\/uploads\/2023\/12\/8-150x150.jpg 150w, https:\/\/orthodesign.ca\/wp-content\/uploads\/2023\/12\/8.jpg 500w\" sizes=\"(max-width: 300px) 100vw, 300px\" \/><\/div><div class=\"uael-grid-img-overlay\"><\/div><\/a><\/div><\/div><div class=\"uael-grid-item  uael-img-gallery-item-9\"><div class=\"uael-grid-item-content\"><a class=\"uael-grid-img uael-grid-gallery-img uael-ins-hover elementor-clickable\" data-fancybox=\"uael-gallery\" href=\"https:\/\/orthodesign.ca\/wp-content\/uploads\/2023\/12\/9-1.jpg\" data-elementor-open-lightbox=\"no\"><div class=\"uael-grid-img-thumbnail uael-ins-target\"><img loading=\"lazy\" decoding=\"async\" width=\"300\" height=\"300\" src=\"https:\/\/orthodesign.ca\/wp-content\/uploads\/2023\/12\/9-1-300x300.jpg\" class=\"attachment-medium size-medium wp-image-8671\" alt=\"\" srcset=\"https:\/\/orthodesign.ca\/wp-content\/uploads\/2023\/12\/9-1-300x300.jpg 300w, https:\/\/orthodesign.ca\/wp-content\/uploads\/2023\/12\/9-1-150x150.jpg 150w, https:\/\/orthodesign.ca\/wp-content\/uploads\/2023\/12\/9-1.jpg 500w\" sizes=\"(max-width: 300px) 100vw, 300px\" \/><\/div><div class=\"uael-grid-img-overlay\"><\/div><\/a><\/div><\/div><\/div><\/div>\t\t\t\t<\/div>\n\t\t\t\t<\/div>\n\t\t\t\t\t<\/div>\n\t\t<\/div>\n\t\t\t\t\t<\/div>\n\t\t<\/section>\n\t\t\t\t<section class=\"elementor-section elementor-top-section elementor-element elementor-element-ec3b534 elementor-section-stretched elementor-section-boxed elementor-section-height-default elementor-section-height-default\" data-id=\"ec3b534\" data-element_type=\"section\" data-settings=\"{&quot;background_background&quot;:&quot;classic&quot;,&quot;stretch_section&quot;:&quot;section-stretched&quot;}\">\n\t\t\t\t\t\t<div class=\"elementor-container elementor-column-gap-default\">\n\t\t\t\t\t<div class=\"elementor-column elementor-col-50 elementor-top-column elementor-element elementor-element-8df0fa8\" data-id=\"8df0fa8\" data-element_type=\"column\">\n\t\t\t<div class=\"elementor-widget-wrap elementor-element-populated\">\n\t\t\t\t\t\t<div class=\"elementor-element elementor-element-6785069 elementor-widget elementor-widget-heading\" data-id=\"6785069\" data-element_type=\"widget\" data-widget_type=\"heading.default\">\n\t\t\t\t<div class=\"elementor-widget-container\">\n\t\t\t\t\t<h2 class=\"elementor-heading-title elementor-size-default\">Recommand\u00e9e dans les cas suivants:\n<\/h2>\t\t\t\t<\/div>\n\t\t\t\t<\/div>\n\t\t\t\t<div class=\"elementor-element elementor-element-77cb9d2 elementor-align-left elementor-icon-list--layout-traditional elementor-list-item-link-full_width elementor-widget elementor-widget-icon-list\" data-id=\"77cb9d2\" data-element_type=\"widget\" data-widget_type=\"icon-list.default\">\n\t\t\t\t<div class=\"elementor-widget-container\">\n\t\t\t\t\t\t\t<ul class=\"elementor-icon-list-items\">\n\t\t\t\t\t\t\t<li class=\"elementor-icon-list-item\">\n\t\t\t\t\t\t\t\t\t\t\t<span class=\"elementor-icon-list-icon\">\n\t\t\t\t\t\t\t<i aria-hidden=\"true\" class=\"far fa-check-circle\"><\/i>\t\t\t\t\t\t<\/span>\n\t\t\t\t\t\t\t\t\t\t<span class=\"elementor-icon-list-text\">Subluxation ou luxation des vert\u00e8bres<\/span>\n\t\t\t\t\t\t\t\t\t<\/li>\n\t\t\t\t\t\t\t\t<li class=\"elementor-icon-list-item\">\n\t\t\t\t\t\t\t\t\t\t\t<span class=\"elementor-icon-list-icon\">\n\t\t\t\t\t\t\t<i aria-hidden=\"true\" class=\"far fa-check-circle\"><\/i>\t\t\t\t\t\t<\/span>\n\t\t\t\t\t\t\t\t\t\t<span class=\"elementor-icon-list-text\">Hernies<\/span>\n\t\t\t\t\t\t\t\t\t<\/li>\n\t\t\t\t\t\t\t\t<li class=\"elementor-icon-list-item\">\n\t\t\t\t\t\t\t\t\t\t\t<span class=\"elementor-icon-list-icon\">\n\t\t\t\t\t\t\t<i aria-hidden=\"true\" class=\"far fa-check-circle\"><\/i>\t\t\t\t\t\t<\/span>\n\t\t\t\t\t\t\t\t\t\t<span class=\"elementor-icon-list-text\">Fractures<\/span>\n\t\t\t\t\t\t\t\t\t<\/li>\n\t\t\t\t\t\t\t\t<li class=\"elementor-icon-list-item\">\n\t\t\t\t\t\t\t\t\t\t\t<span class=\"elementor-icon-list-icon\">\n\t\t\t\t\t\t\t<i aria-hidden=\"true\" class=\"far fa-check-circle\"><\/i>\t\t\t\t\t\t<\/span>\n\t\t\t\t\t\t\t\t\t\t<span class=\"elementor-icon-list-text\">Syndrome de Wobbler<\/span>\n\t\t\t\t\t\t\t\t\t<\/li>\n\t\t\t\t\t\t\t\t<li class=\"elementor-icon-list-item\">\n\t\t\t\t\t\t\t\t\t\t\t<span class=\"elementor-icon-list-icon\">\n\t\t\t\t\t\t\t<i aria-hidden=\"true\" class=\"far fa-check-circle\"><\/i>\t\t\t\t\t\t<\/span>\n\t\t\t\t\t\t\t\t\t\t<span class=\"elementor-icon-list-text\">Arthrite<\/span>\n\t\t\t\t\t\t\t\t\t<\/li>\n\t\t\t\t\t\t\t\t<li class=\"elementor-icon-list-item\">\n\t\t\t\t\t\t\t\t\t\t\t<span class=\"elementor-icon-list-icon\">\n\t\t\t\t\t\t\t<i aria-hidden=\"true\" class=\"far fa-check-circle\"><\/i>\t\t\t\t\t\t<\/span>\n\t\t\t\t\t\t\t\t\t\t<span class=\"elementor-icon-list-text\">Arthrose<\/span>\n\t\t\t\t\t\t\t\t\t<\/li>\n\t\t\t\t\t\t\t\t<li class=\"elementor-icon-list-item\">\n\t\t\t\t\t\t\t\t\t\t\t<span class=\"elementor-icon-list-icon\">\n\t\t\t\t\t\t\t<i aria-hidden=\"true\" class=\"far fa-check-circle\"><\/i>\t\t\t\t\t\t<\/span>\n\t\t\t\t\t\t\t\t\t\t<span class=\"elementor-icon-list-text\">Atteintes neurologiques<\/span>\n\t\t\t\t\t\t\t\t\t<\/li>\n\t\t\t\t\t\t\t\t<li class=\"elementor-icon-list-item\">\n\t\t\t\t\t\t\t\t\t\t\t<span class=\"elementor-icon-list-icon\">\n\t\t\t\t\t\t\t<i aria-hidden=\"true\" class=\"far fa-check-circle\"><\/i>\t\t\t\t\t\t<\/span>\n\t\t\t\t\t\t\t\t\t\t<span class=\"elementor-icon-list-text\">Atteintes musculo-squelettiques<\/span>\n\t\t\t\t\t\t\t\t\t<\/li>\n\t\t\t\t\t\t\t\t<li class=\"elementor-icon-list-item\">\n\t\t\t\t\t\t\t\t\t\t\t<span class=\"elementor-icon-list-icon\">\n\t\t\t\t\t\t\t<i aria-hidden=\"true\" class=\"far fa-check-circle\"><\/i>\t\t\t\t\t\t<\/span>\n\t\t\t\t\t\t\t\t\t\t<span class=\"elementor-icon-list-text\">Tumeurs<\/span>\n\t\t\t\t\t\t\t\t\t<\/li>\n\t\t\t\t\t\t\t\t<li class=\"elementor-icon-list-item\">\n\t\t\t\t\t\t\t\t\t\t\t<span class=\"elementor-icon-list-icon\">\n\t\t\t\t\t\t\t<i aria-hidden=\"true\" class=\"far fa-check-circle\"><\/i>\t\t\t\t\t\t<\/span>\n\t\t\t\t\t\t\t\t\t\t<span class=\"elementor-icon-list-text\">Pr\u00e9 ou post-op\u00e9ratoire<\/span>\n\t\t\t\t\t\t\t\t\t<\/li>\n\t\t\t\t\t\t\t\t<li class=\"elementor-icon-list-item\">\n\t\t\t\t\t\t\t\t\t\t\t<span class=\"elementor-icon-list-icon\">\n\t\t\t\t\t\t\t<i aria-hidden=\"true\" class=\"far fa-check-circle\"><\/i>\t\t\t\t\t\t<\/span>\n\t\t\t\t\t\t\t\t\t\t<span class=\"elementor-icon-list-text\">Etc.<\/span>\n\t\t\t\t\t\t\t\t\t<\/li>\n\t\t\t\t\t\t<\/ul>\n\t\t\t\t\t\t<\/div>\n\t\t\t\t<\/div>\n\t\t\t\t\t<\/div>\n\t\t<\/div>\n\t\t\t\t<div class=\"elementor-column elementor-col-50 elementor-top-column elementor-element elementor-element-ad6117b\" data-id=\"ad6117b\" data-element_type=\"column\">\n\t\t\t<div class=\"elementor-widget-wrap elementor-element-populated\">\n\t\t\t\t\t\t<div class=\"elementor-element elementor-element-508b773 uael-img-grid__column-3 uael-img-grid-tablet__column-3 uael-img-grid-mobile__column-2 uael-ins-normal elementor-widget elementor-widget-uael-image-gallery\" data-id=\"508b773\" data-element_type=\"widget\" data-settings=\"{&quot;gallery_columns&quot;:&quot;3&quot;,&quot;gallery_columns_tablet&quot;:&quot;3&quot;,&quot;gallery_columns_mobile&quot;:&quot;2&quot;,&quot;column_gap&quot;:{&quot;unit&quot;:&quot;px&quot;,&quot;size&quot;:20,&quot;sizes&quot;:[]},&quot;column_gap_tablet&quot;:{&quot;unit&quot;:&quot;px&quot;,&quot;size&quot;:&quot;&quot;,&quot;sizes&quot;:[]},&quot;column_gap_mobile&quot;:{&quot;unit&quot;:&quot;px&quot;,&quot;size&quot;:&quot;&quot;,&quot;sizes&quot;:[]},&quot;row_gap&quot;:{&quot;unit&quot;:&quot;px&quot;,&quot;size&quot;:20,&quot;sizes&quot;:[]},&quot;row_gap_tablet&quot;:{&quot;unit&quot;:&quot;px&quot;,&quot;size&quot;:&quot;&quot;,&quot;sizes&quot;:[]},&quot;row_gap_mobile&quot;:{&quot;unit&quot;:&quot;px&quot;,&quot;size&quot;:&quot;&quot;,&quot;sizes&quot;:[]},&quot;images_valign&quot;:&quot;flex-start&quot;}\" data-widget_type=\"uael-image-gallery.default\">\n\t\t\t\t<div class=\"elementor-widget-container\">\n\t\t\t\t\t<div class=\"uael-gallery-parent uael-caption- uael-gallery-unjustified\"><div class=\"uael-img-gallery-wrap uael-img-grid-wrap uael-img-grid-masonry-wrap uael-image-lightbox-wrap\" data-filter-default=\"All\" data-lightbox_actions=\"[&quot;close&quot;]\" data-lightbox-gallery-loop=\"\"><div class=\"uael-grid-item  uael-img-gallery-item-1\"><div class=\"uael-grid-item-content\"><a class=\"uael-grid-img uael-grid-gallery-img uael-ins-hover elementor-clickable\" data-fancybox=\"uael-gallery\" href=\"https:\/\/orthodesign.ca\/wp-content\/uploads\/2023\/12\/CERVICAL-ORTHOSIS10.jpg\" data-elementor-open-lightbox=\"no\"><div class=\"uael-grid-img-thumbnail uael-ins-target\"><img loading=\"lazy\" decoding=\"async\" width=\"300\" height=\"300\" src=\"https:\/\/orthodesign.ca\/wp-content\/uploads\/2023\/12\/CERVICAL-ORTHOSIS10-300x300.jpg\" class=\"attachment-medium size-medium wp-image-8675\" alt=\"\" srcset=\"https:\/\/orthodesign.ca\/wp-content\/uploads\/2023\/12\/CERVICAL-ORTHOSIS10-300x300.jpg 300w, https:\/\/orthodesign.ca\/wp-content\/uploads\/2023\/12\/CERVICAL-ORTHOSIS10-150x150.jpg 150w, https:\/\/orthodesign.ca\/wp-content\/uploads\/2023\/12\/CERVICAL-ORTHOSIS10.jpg 500w\" sizes=\"(max-width: 300px) 100vw, 300px\" \/><\/div><div class=\"uael-grid-img-overlay\"><\/div><\/a><\/div><\/div><div class=\"uael-grid-item  uael-img-gallery-item-2\"><div class=\"uael-grid-item-content\"><a class=\"uael-grid-img uael-grid-gallery-img uael-ins-hover elementor-clickable\" data-fancybox=\"uael-gallery\" href=\"https:\/\/orthodesign.ca\/wp-content\/uploads\/2023\/12\/CERVICAL-ORTHOSIS11.jpg\" data-elementor-open-lightbox=\"no\"><div class=\"uael-grid-img-thumbnail uael-ins-target\"><img loading=\"lazy\" decoding=\"async\" width=\"300\" height=\"300\" src=\"https:\/\/orthodesign.ca\/wp-content\/uploads\/2023\/12\/CERVICAL-ORTHOSIS11-300x300.jpg\" class=\"attachment-medium size-medium wp-image-8677\" alt=\"\" srcset=\"https:\/\/orthodesign.ca\/wp-content\/uploads\/2023\/12\/CERVICAL-ORTHOSIS11-300x300.jpg 300w, https:\/\/orthodesign.ca\/wp-content\/uploads\/2023\/12\/CERVICAL-ORTHOSIS11-150x150.jpg 150w, https:\/\/orthodesign.ca\/wp-content\/uploads\/2023\/12\/CERVICAL-ORTHOSIS11.jpg 500w\" sizes=\"(max-width: 300px) 100vw, 300px\" \/><\/div><div class=\"uael-grid-img-overlay\"><\/div><\/a><\/div><\/div><div class=\"uael-grid-item  uael-img-gallery-item-3\"><div class=\"uael-grid-item-content\"><a class=\"uael-grid-img uael-grid-gallery-img uael-ins-hover elementor-clickable\" data-fancybox=\"uael-gallery\" href=\"https:\/\/orthodesign.ca\/wp-content\/uploads\/2023\/12\/CERVICAL-ORTHOSIS12.jpg\" data-elementor-open-lightbox=\"no\"><div class=\"uael-grid-img-thumbnail uael-ins-target\"><img loading=\"lazy\" decoding=\"async\" width=\"300\" height=\"300\" src=\"https:\/\/orthodesign.ca\/wp-content\/uploads\/2023\/12\/CERVICAL-ORTHOSIS12-300x300.jpg\" class=\"attachment-medium size-medium wp-image-8679\" alt=\"\" srcset=\"https:\/\/orthodesign.ca\/wp-content\/uploads\/2023\/12\/CERVICAL-ORTHOSIS12-300x300.jpg 300w, https:\/\/orthodesign.ca\/wp-content\/uploads\/2023\/12\/CERVICAL-ORTHOSIS12-150x150.jpg 150w, https:\/\/orthodesign.ca\/wp-content\/uploads\/2023\/12\/CERVICAL-ORTHOSIS12.jpg 500w\" sizes=\"(max-width: 300px) 100vw, 300px\" \/><\/div><div class=\"uael-grid-img-overlay\"><\/div><\/a><\/div><\/div><div class=\"uael-grid-item  uael-img-gallery-item-4\"><div class=\"uael-grid-item-content\"><a class=\"uael-grid-img uael-grid-gallery-img uael-ins-hover elementor-clickable\" data-fancybox=\"uael-gallery\" href=\"https:\/\/orthodesign.ca\/wp-content\/uploads\/2023\/12\/CERVICAL-ORTHOSIS13.jpg\" data-elementor-open-lightbox=\"no\"><div class=\"uael-grid-img-thumbnail uael-ins-target\"><img loading=\"lazy\" decoding=\"async\" width=\"300\" height=\"300\" src=\"https:\/\/orthodesign.ca\/wp-content\/uploads\/2023\/12\/CERVICAL-ORTHOSIS13-300x300.jpg\" class=\"attachment-medium size-medium wp-image-8681\" alt=\"\" srcset=\"https:\/\/orthodesign.ca\/wp-content\/uploads\/2023\/12\/CERVICAL-ORTHOSIS13-300x300.jpg 300w, https:\/\/orthodesign.ca\/wp-content\/uploads\/2023\/12\/CERVICAL-ORTHOSIS13-150x150.jpg 150w, https:\/\/orthodesign.ca\/wp-content\/uploads\/2023\/12\/CERVICAL-ORTHOSIS13.jpg 500w\" sizes=\"(max-width: 300px) 100vw, 300px\" \/><\/div><div class=\"uael-grid-img-overlay\"><\/div><\/a><\/div><\/div><div class=\"uael-grid-item  uael-img-gallery-item-5\"><div class=\"uael-grid-item-content\"><a class=\"uael-grid-img uael-grid-gallery-img uael-ins-hover elementor-clickable\" data-fancybox=\"uael-gallery\" href=\"https:\/\/orthodesign.ca\/wp-content\/uploads\/2023\/12\/CERVICAL-ORTHOSIS14.jpg\" data-elementor-open-lightbox=\"no\"><div class=\"uael-grid-img-thumbnail uael-ins-target\"><img loading=\"lazy\" decoding=\"async\" width=\"300\" height=\"300\" src=\"https:\/\/orthodesign.ca\/wp-content\/uploads\/2023\/12\/CERVICAL-ORTHOSIS14-300x300.jpg\" class=\"attachment-medium size-medium wp-image-8683\" alt=\"\" srcset=\"https:\/\/orthodesign.ca\/wp-content\/uploads\/2023\/12\/CERVICAL-ORTHOSIS14-300x300.jpg 300w, https:\/\/orthodesign.ca\/wp-content\/uploads\/2023\/12\/CERVICAL-ORTHOSIS14-150x150.jpg 150w, https:\/\/orthodesign.ca\/wp-content\/uploads\/2023\/12\/CERVICAL-ORTHOSIS14.jpg 500w\" sizes=\"(max-width: 300px) 100vw, 300px\" \/><\/div><div class=\"uael-grid-img-overlay\"><\/div><\/a><\/div><\/div><div class=\"uael-grid-item  uael-img-gallery-item-6\"><div class=\"uael-grid-item-content\"><a class=\"uael-grid-img uael-grid-gallery-img uael-ins-hover elementor-clickable\" data-fancybox=\"uael-gallery\" href=\"https:\/\/orthodesign.ca\/wp-content\/uploads\/2023\/12\/CERVICAL-ORTHOSIS15.jpg\" data-elementor-open-lightbox=\"no\"><div class=\"uael-grid-img-thumbnail uael-ins-target\"><img loading=\"lazy\" decoding=\"async\" width=\"300\" height=\"300\" src=\"https:\/\/orthodesign.ca\/wp-content\/uploads\/2023\/12\/CERVICAL-ORTHOSIS15-300x300.jpg\" class=\"attachment-medium size-medium wp-image-8685\" alt=\"\" srcset=\"https:\/\/orthodesign.ca\/wp-content\/uploads\/2023\/12\/CERVICAL-ORTHOSIS15-300x300.jpg 300w, https:\/\/orthodesign.ca\/wp-content\/uploads\/2023\/12\/CERVICAL-ORTHOSIS15-150x150.jpg 150w, https:\/\/orthodesign.ca\/wp-content\/uploads\/2023\/12\/CERVICAL-ORTHOSIS15.jpg 500w\" sizes=\"(max-width: 300px) 100vw, 300px\" \/><\/div><div class=\"uael-grid-img-overlay\"><\/div><\/a><\/div><\/div><\/div><\/div>\t\t\t\t<\/div>\n\t\t\t\t<\/div>\n\t\t\t\t\t<\/div>\n\t\t<\/div>\n\t\t\t\t\t<\/div>\n\t\t<\/section>\n\t\t\t\t<section class=\"elementor-section elementor-top-section elementor-element elementor-element-7489ed2 elementor-section-stretched elementor-section-boxed elementor-section-height-default elementor-section-height-default\" data-id=\"7489ed2\" data-element_type=\"section\" data-settings=\"{&quot;background_background&quot;:&quot;classic&quot;,&quot;stretch_section&quot;:&quot;section-stretched&quot;}\">\n\t\t\t\t\t\t\t<div class=\"elementor-background-overlay\"><\/div>\n\t\t\t\t\t\t\t<div class=\"elementor-container elementor-column-gap-default\">\n\t\t\t\t\t<div class=\"elementor-column elementor-col-50 elementor-top-column elementor-element elementor-element-da95a35\" data-id=\"da95a35\" data-element_type=\"column\" data-settings=\"{&quot;background_background&quot;:&quot;classic&quot;}\">\n\t\t\t<div class=\"elementor-widget-wrap elementor-element-populated\">\n\t\t\t\t\t\t<div class=\"elementor-element elementor-element-3d2f2b2 elementor-widget elementor-widget-heading\" data-id=\"3d2f2b2\" data-element_type=\"widget\" data-widget_type=\"heading.default\">\n\t\t\t\t<div class=\"elementor-widget-container\">\n\t\t\t\t\t<h2 class=\"elementor-heading-title elementor-size-default\">Exemple de pathologie fr\u00e9quemment observ\u00e9e: Instabilit\u00e9 atlanto-axiale \n<\/h2>\t\t\t\t<\/div>\n\t\t\t\t<\/div>\n\t\t\t\t<div class=\"elementor-element elementor-element-c7ff324 elementor-widget elementor-widget-text-editor\" data-id=\"c7ff324\" data-element_type=\"widget\" data-widget_type=\"text-editor.default\">\n\t\t\t\t<div class=\"elementor-widget-container\">\n\t\t\t\t\t\t\t\t\tL&#8217;instabilit\u00e9 atlanto-axiale chez le chien est le r\u00e9sultat d\u2019anomalies de conformation osseuse et\/ou ligamentaire entre les 2 premi\u00e8res vert\u00e8bres (l\u2019atlas et l\u2019axis) situ\u00e9es \u00e0 la jonction de la t\u00eate et du cou. Cette instabilit\u00e9 peut aboutir \u00e0 une subluxation ou \u00e0 une luxation provoquant ainsi une compression de la moelle \u00e9pini\u00e8re. On peut ainsi observer chez l&#8217;animal des troubles de la d\u00e9marche et douleur au niveau du cou lors des mouvements de celui-ci.\t\t\t\t\t\t\t\t<\/div>\n\t\t\t\t<\/div>\n\t\t\t\t<div class=\"elementor-element elementor-element-d859236 elementor-widget elementor-widget-text-editor\" data-id=\"d859236\" data-element_type=\"widget\" data-widget_type=\"text-editor.default\">\n\t\t\t\t<div class=\"elementor-widget-container\">\n\t\t\t\t\t\t\t\t\tEssentiellement observ\u00e9 chez les chiens de petites races telles que les Caniches, les Chihuahuas, les P\u00e9kinois, les Yorkshires Terriers, etc.\n\t\t\t\t\t\t\t\t<\/div>\n\t\t\t\t<\/div>\n\t\t\t\t\t<\/div>\n\t\t<\/div>\n\t\t\t\t<div class=\"elementor-column elementor-col-50 elementor-top-column elementor-element elementor-element-d3a89a1\" data-id=\"d3a89a1\" data-element_type=\"column\">\n\t\t\t<div class=\"elementor-widget-wrap elementor-element-populated\">\n\t\t\t\t\t\t<div class=\"elementor-element elementor-element-b2390cf uael-img-grid__column-3 uael-img-grid-tablet__column-3 uael-img-grid-mobile__column-2 uael-ins-normal elementor-widget elementor-widget-uael-image-gallery\" data-id=\"b2390cf\" data-element_type=\"widget\" data-settings=\"{&quot;gallery_columns&quot;:&quot;3&quot;,&quot;gallery_columns_tablet&quot;:&quot;3&quot;,&quot;gallery_columns_mobile&quot;:&quot;2&quot;,&quot;column_gap&quot;:{&quot;unit&quot;:&quot;px&quot;,&quot;size&quot;:20,&quot;sizes&quot;:[]},&quot;column_gap_tablet&quot;:{&quot;unit&quot;:&quot;px&quot;,&quot;size&quot;:&quot;&quot;,&quot;sizes&quot;:[]},&quot;column_gap_mobile&quot;:{&quot;unit&quot;:&quot;px&quot;,&quot;size&quot;:&quot;&quot;,&quot;sizes&quot;:[]},&quot;row_gap&quot;:{&quot;unit&quot;:&quot;px&quot;,&quot;size&quot;:20,&quot;sizes&quot;:[]},&quot;row_gap_tablet&quot;:{&quot;unit&quot;:&quot;px&quot;,&quot;size&quot;:&quot;&quot;,&quot;sizes&quot;:[]},&quot;row_gap_mobile&quot;:{&quot;unit&quot;:&quot;px&quot;,&quot;size&quot;:&quot;&quot;,&quot;sizes&quot;:[]},&quot;images_valign&quot;:&quot;flex-start&quot;}\" data-widget_type=\"uael-image-gallery.default\">\n\t\t\t\t<div class=\"elementor-widget-container\">\n\t\t\t\t\t<div class=\"uael-gallery-parent uael-caption- uael-gallery-unjustified\"><div class=\"uael-img-gallery-wrap uael-img-grid-wrap uael-img-grid-masonry-wrap uael-image-lightbox-wrap\" data-filter-default=\"All\" data-lightbox_actions=\"[&quot;close&quot;]\" data-lightbox-gallery-loop=\"\"><div class=\"uael-grid-item  uael-img-gallery-item-1\"><div class=\"uael-grid-item-content\"><a class=\"uael-grid-img uael-grid-gallery-img uael-ins-hover elementor-clickable\" data-fancybox=\"uael-gallery\" href=\"https:\/\/orthodesign.ca\/wp-content\/uploads\/2023\/12\/CERVICAL-ORTHOSIS16.jpg\" data-elementor-open-lightbox=\"no\"><div class=\"uael-grid-img-thumbnail uael-ins-target\"><img loading=\"lazy\" decoding=\"async\" width=\"300\" height=\"300\" src=\"https:\/\/orthodesign.ca\/wp-content\/uploads\/2023\/12\/CERVICAL-ORTHOSIS16-300x300.jpg\" class=\"attachment-medium size-medium wp-image-8687\" alt=\"\" srcset=\"https:\/\/orthodesign.ca\/wp-content\/uploads\/2023\/12\/CERVICAL-ORTHOSIS16-300x300.jpg 300w, https:\/\/orthodesign.ca\/wp-content\/uploads\/2023\/12\/CERVICAL-ORTHOSIS16-150x150.jpg 150w, https:\/\/orthodesign.ca\/wp-content\/uploads\/2023\/12\/CERVICAL-ORTHOSIS16.jpg 500w\" sizes=\"(max-width: 300px) 100vw, 300px\" \/><\/div><div class=\"uael-grid-img-overlay\"><\/div><\/a><\/div><\/div><div class=\"uael-grid-item  uael-img-gallery-item-2\"><div class=\"uael-grid-item-content\"><a class=\"uael-grid-img uael-grid-gallery-img uael-ins-hover elementor-clickable\" data-fancybox=\"uael-gallery\" href=\"https:\/\/orthodesign.ca\/wp-content\/uploads\/2023\/12\/CERVICAL-ORTHOSIS18.jpg\" data-elementor-open-lightbox=\"no\"><div class=\"uael-grid-img-thumbnail uael-ins-target\"><img loading=\"lazy\" decoding=\"async\" width=\"300\" height=\"300\" src=\"https:\/\/orthodesign.ca\/wp-content\/uploads\/2023\/12\/CERVICAL-ORTHOSIS18-300x300.jpg\" class=\"attachment-medium size-medium wp-image-8689\" alt=\"\" srcset=\"https:\/\/orthodesign.ca\/wp-content\/uploads\/2023\/12\/CERVICAL-ORTHOSIS18-300x300.jpg 300w, https:\/\/orthodesign.ca\/wp-content\/uploads\/2023\/12\/CERVICAL-ORTHOSIS18-150x150.jpg 150w, https:\/\/orthodesign.ca\/wp-content\/uploads\/2023\/12\/CERVICAL-ORTHOSIS18.jpg 500w\" sizes=\"(max-width: 300px) 100vw, 300px\" \/><\/div><div class=\"uael-grid-img-overlay\"><\/div><\/a><\/div><\/div><div class=\"uael-grid-item  uael-img-gallery-item-3\"><div class=\"uael-grid-item-content\"><a class=\"uael-grid-img uael-grid-gallery-img uael-ins-hover elementor-clickable\" data-fancybox=\"uael-gallery\" href=\"https:\/\/orthodesign.ca\/wp-content\/uploads\/2023\/12\/CERVICAL-ORTHOSIS19.jpg\" data-elementor-open-lightbox=\"no\"><div class=\"uael-grid-img-thumbnail uael-ins-target\"><img loading=\"lazy\" decoding=\"async\" width=\"300\" height=\"300\" src=\"https:\/\/orthodesign.ca\/wp-content\/uploads\/2023\/12\/CERVICAL-ORTHOSIS19-300x300.jpg\" class=\"attachment-medium size-medium wp-image-8691\" alt=\"\" srcset=\"https:\/\/orthodesign.ca\/wp-content\/uploads\/2023\/12\/CERVICAL-ORTHOSIS19-300x300.jpg 300w, https:\/\/orthodesign.ca\/wp-content\/uploads\/2023\/12\/CERVICAL-ORTHOSIS19-150x150.jpg 150w, https:\/\/orthodesign.ca\/wp-content\/uploads\/2023\/12\/CERVICAL-ORTHOSIS19.jpg 500w\" sizes=\"(max-width: 300px) 100vw, 300px\" \/><\/div><div class=\"uael-grid-img-overlay\"><\/div><\/a><\/div><\/div><div class=\"uael-grid-item  uael-img-gallery-item-4\"><div class=\"uael-grid-item-content\"><a class=\"uael-grid-img uael-grid-gallery-img uael-ins-hover elementor-clickable\" data-fancybox=\"uael-gallery\" href=\"https:\/\/orthodesign.ca\/wp-content\/uploads\/2023\/12\/CERVICAL-ORTHOSIS20.jpg\" data-elementor-open-lightbox=\"no\"><div class=\"uael-grid-img-thumbnail uael-ins-target\"><img loading=\"lazy\" decoding=\"async\" width=\"300\" height=\"300\" src=\"https:\/\/orthodesign.ca\/wp-content\/uploads\/2023\/12\/CERVICAL-ORTHOSIS20-300x300.jpg\" class=\"attachment-medium size-medium wp-image-8693\" alt=\"\" srcset=\"https:\/\/orthodesign.ca\/wp-content\/uploads\/2023\/12\/CERVICAL-ORTHOSIS20-300x300.jpg 300w, https:\/\/orthodesign.ca\/wp-content\/uploads\/2023\/12\/CERVICAL-ORTHOSIS20-150x150.jpg 150w, https:\/\/orthodesign.ca\/wp-content\/uploads\/2023\/12\/CERVICAL-ORTHOSIS20.jpg 500w\" sizes=\"(max-width: 300px) 100vw, 300px\" \/><\/div><div class=\"uael-grid-img-overlay\"><\/div><\/a><\/div><\/div><div class=\"uael-grid-item  uael-img-gallery-item-5\"><div class=\"uael-grid-item-content\"><a class=\"uael-grid-img uael-grid-gallery-img uael-ins-hover elementor-clickable\" data-fancybox=\"uael-gallery\" href=\"https:\/\/orthodesign.ca\/wp-content\/uploads\/2023\/12\/CERVICAL-ORTHOSIS17.jpg\" data-elementor-open-lightbox=\"no\"><div class=\"uael-grid-img-thumbnail uael-ins-target\"><img loading=\"lazy\" decoding=\"async\" width=\"300\" height=\"300\" src=\"https:\/\/orthodesign.ca\/wp-content\/uploads\/2023\/12\/CERVICAL-ORTHOSIS17-300x300.jpg\" class=\"attachment-medium size-medium wp-image-8695\" alt=\"\" srcset=\"https:\/\/orthodesign.ca\/wp-content\/uploads\/2023\/12\/CERVICAL-ORTHOSIS17-300x300.jpg 300w, https:\/\/orthodesign.ca\/wp-content\/uploads\/2023\/12\/CERVICAL-ORTHOSIS17-150x150.jpg 150w, https:\/\/orthodesign.ca\/wp-content\/uploads\/2023\/12\/CERVICAL-ORTHOSIS17.jpg 500w\" sizes=\"(max-width: 300px) 100vw, 300px\" \/><\/div><div class=\"uael-grid-img-overlay\"><\/div><\/a><\/div><\/div><\/div><\/div>\t\t\t\t<\/div>\n\t\t\t\t<\/div>\n\t\t\t\t<div class=\"elementor-element elementor-element-3f599e5 elementor-widget elementor-widget-text-editor\" data-id=\"3f599e5\" data-element_type=\"widget\" data-widget_type=\"text-editor.default\">\n\t\t\t\t<div class=\"elementor-widget-container\">\n\t\t\t\t\t\t\t\t\tOrth\u00e8se con\u00e7ue et fabriqu\u00e9e par ORTHO DESIGN en collaboration interprofessionnelle avec les m\u00e9decins v\u00e9t\u00e9rinaires sp\u00e9cialistes\t\t\t\t\t\t\t\t<\/div>\n\t\t\t\t<\/div>\n\t\t\t\t\t<\/div>\n\t\t<\/div>\n\t\t\t\t\t<\/div>\n\t\t<\/section>\n\t\t\t\t<\/div>\n\t\t","protected":false},"excerpt":{"rendered":"<p>ORTH\u00c8SE CERVICALE (COU) Permet de prot\u00e9ger et de stabiliser les vert\u00e8bres cervicales et \u00e9galement de contr\u00f4ler les mouvements du cou et de la t\u00eate de l&#8217;animal. Permet une certaine d\u00e9compression des vert\u00e8bres, diminution du stress sur les ligaments, tendons, muscles et surfaces articulaires. Recommand\u00e9e dans les cas suivants: Subluxation ou luxation des vert\u00e8bres Hernies Fractures [&hellip;]<\/p>\n","protected":false},"author":1,"featured_media":0,"parent":0,"menu_order":0,"comment_status":"closed","ping_status":"closed","template":"","meta":{"inline_featured_image":false,"site-sidebar-layout":"no-sidebar","site-content-layout":"","ast-site-content-layout":"full-width-container","site-content-style":"default","site-sidebar-style":"default","ast-global-header-display":"","ast-banner-title-visibility":"","ast-main-header-display":"","ast-hfb-above-header-display":"","ast-hfb-below-header-display":"","ast-hfb-mobile-header-display":"","site-post-title":"disabled","ast-breadcrumbs-content":"","ast-featured-img":"disabled","footer-sml-layout":"","theme-transparent-header-meta":"","adv-header-id-meta":"","stick-header-meta":"","header-above-stick-meta":"","header-main-stick-meta":"","header-below-stick-meta":"","astra-migrate-meta-layouts":"default","ast-page-background-enabled":"default","ast-page-background-meta":{"desktop":{"background-color":"var(--ast-global-color-4)","background-image":"","background-repeat":"repeat","background-position":"center center","background-size":"auto","background-attachment":"scroll","background-type":"","background-media":"","overlay-type":"","overlay-color":"","overlay-opacity":"","overlay-gradient":""},"tablet":{"background-color":"","background-image":"","background-repeat":"repeat","background-position":"center center","background-size":"auto","background-attachment":"scroll","background-type":"","background-media":"","overlay-type":"","overlay-color":"","overlay-opacity":"","overlay-gradient":""},"mobile":{"background-color":"","background-image":"","background-repeat":"repeat","background-position":"center center","background-size":"auto","background-attachment":"scroll","background-type":"","background-media":"","overlay-type":"","overlay-color":"","overlay-opacity":"","overlay-gradient":""}},"ast-content-background-meta":{"desktop":{"background-color":"var(--ast-global-color-5)","background-image":"","background-repeat":"repeat","background-position":"center center","background-size":"auto","background-attachment":"scroll","background-type":"","background-media":"","overlay-type":"","overlay-color":"","overlay-opacity":"","overlay-gradient":""},"tablet":{"background-color":"var(--ast-global-color-5)","background-image":"","background-repeat":"repeat","background-position":"center center","background-size":"auto","background-attachment":"scroll","background-type":"","background-media":"","overlay-type":"","overlay-color":"","overlay-opacity":"","overlay-gradient":""},"mobile":{"background-color":"var(--ast-global-color-5)","background-image":"","background-repeat":"repeat","background-position":"center center","background-size":"auto","background-attachment":"scroll","background-type":"","background-media":"","overlay-type":"","overlay-color":"","overlay-opacity":"","overlay-gradient":""}},"footnotes":""},"class_list":["post-6293","page","type-page","status-publish","hentry"],"yoast_head":"<!-- This site is optimized with the Yoast SEO plugin v24.2 - https:\/\/yoast.com\/wordpress\/plugins\/seo\/ -->\n<title>Collier cervical pour chien | Ortho Design<\/title>\n<meta name=\"description\" content=\"Prot\u00e9gez et soutenez le cou de votre chien avec notre collier cervical con\u00e7u pour le confort et la s\u00e9curit\u00e9 de votre animal de compagnie.\" \/>\n<meta name=\"robots\" content=\"index, follow, max-snippet:-1, max-image-preview:large, max-video-preview:-1\" \/>\n<link rel=\"canonical\" href=\"https:\/\/orthodesign.ca\/fr\/cervicale-cou\/\" \/>\n<meta property=\"og:locale\" content=\"fr_FR\" \/>\n<meta property=\"og:type\" content=\"article\" \/>\n<meta property=\"og:title\" content=\"Collier cervical pour chien | Ortho Design\" \/>\n<meta property=\"og:description\" content=\"Prot\u00e9gez et soutenez le cou de votre chien avec notre collier cervical con\u00e7u pour le confort et la s\u00e9curit\u00e9 de votre animal de compagnie.\" \/>\n<meta property=\"og:url\" content=\"https:\/\/orthodesign.ca\/fr\/cervicale-cou\/\" \/>\n<meta property=\"og:site_name\" content=\"Ortho Design\" \/>\n<meta property=\"article:publisher\" content=\"https:\/\/www.facebook.com\/orthoticprosthetic2\" \/>\n<meta property=\"article:modified_time\" content=\"2024-02-29T19:42:17+00:00\" \/>\n<meta property=\"og:image\" content=\"https:\/\/orthodesign.ca\/wp-content\/uploads\/2023\/12\/1-2-300x300.jpg\" \/>\n<meta name=\"twitter:card\" content=\"summary_large_image\" \/>\n<meta name=\"twitter:label1\" content=\"Dur\u00e9e de lecture estim\u00e9e\" \/>\n\t<meta name=\"twitter:data1\" content=\"5 minutes\" \/>\n<script type=\"application\/ld+json\" class=\"yoast-schema-graph\">{\"@context\":\"https:\/\/schema.org\",\"@graph\":[{\"@type\":\"WebPage\",\"@id\":\"https:\/\/orthodesign.ca\/fr\/cervicale-cou\/\",\"url\":\"https:\/\/orthodesign.ca\/fr\/cervicale-cou\/\",\"name\":\"Collier cervical pour chien | Ortho Design\",\"isPartOf\":{\"@id\":\"https:\/\/orthodesign.ca\/fr\/#website\"},\"primaryImageOfPage\":{\"@id\":\"https:\/\/orthodesign.ca\/fr\/cervicale-cou\/#primaryimage\"},\"image\":{\"@id\":\"https:\/\/orthodesign.ca\/fr\/cervicale-cou\/#primaryimage\"},\"thumbnailUrl\":\"https:\/\/orthodesign.ca\/wp-content\/uploads\/2023\/12\/1-2-300x300.jpg\",\"datePublished\":\"2023-09-25T08:50:41+00:00\",\"dateModified\":\"2024-02-29T19:42:17+00:00\",\"description\":\"Prot\u00e9gez et soutenez le cou de votre chien avec notre collier cervical con\u00e7u pour le confort et la s\u00e9curit\u00e9 de votre animal de compagnie.\",\"breadcrumb\":{\"@id\":\"https:\/\/orthodesign.ca\/fr\/cervicale-cou\/#breadcrumb\"},\"inLanguage\":\"fr-FR\",\"potentialAction\":[{\"@type\":\"ReadAction\",\"target\":[\"https:\/\/orthodesign.ca\/fr\/cervicale-cou\/\"]}]},{\"@type\":\"ImageObject\",\"inLanguage\":\"fr-FR\",\"@id\":\"https:\/\/orthodesign.ca\/fr\/cervicale-cou\/#primaryimage\",\"url\":\"https:\/\/orthodesign.ca\/wp-content\/uploads\/2023\/12\/1-2-300x300.jpg\",\"contentUrl\":\"https:\/\/orthodesign.ca\/wp-content\/uploads\/2023\/12\/1-2-300x300.jpg\"},{\"@type\":\"BreadcrumbList\",\"@id\":\"https:\/\/orthodesign.ca\/fr\/cervicale-cou\/#breadcrumb\",\"itemListElement\":[{\"@type\":\"ListItem\",\"position\":1,\"name\":\"Home\",\"item\":\"https:\/\/orthodesign.ca\/fr\/\"},{\"@type\":\"ListItem\",\"position\":2,\"name\":\"CERVICALE (COU)\"}]},{\"@type\":\"WebSite\",\"@id\":\"https:\/\/orthodesign.ca\/fr\/#website\",\"url\":\"https:\/\/orthodesign.ca\/fr\/\",\"name\":\"Ortho Design\",\"description\":\"\",\"publisher\":{\"@id\":\"https:\/\/orthodesign.ca\/fr\/#organization\"},\"potentialAction\":[{\"@type\":\"SearchAction\",\"target\":{\"@type\":\"EntryPoint\",\"urlTemplate\":\"https:\/\/orthodesign.ca\/fr\/?s={search_term_string}\"},\"query-input\":{\"@type\":\"PropertyValueSpecification\",\"valueRequired\":true,\"valueName\":\"search_term_string\"}}],\"inLanguage\":\"fr-FR\"},{\"@type\":\"Organization\",\"@id\":\"https:\/\/orthodesign.ca\/fr\/#organization\",\"name\":\"Ortho Design\",\"url\":\"https:\/\/orthodesign.ca\/fr\/\",\"logo\":{\"@type\":\"ImageObject\",\"inLanguage\":\"fr-FR\",\"@id\":\"https:\/\/orthodesign.ca\/fr\/#\/schema\/logo\/image\/\",\"url\":\"https:\/\/orthodesign.ca\/wp-content\/uploads\/2023\/12\/Ortho_logo-fr-final.png\",\"contentUrl\":\"https:\/\/orthodesign.ca\/wp-content\/uploads\/2023\/12\/Ortho_logo-fr-final.png\",\"width\":770,\"height\":344,\"caption\":\"Ortho Design\"},\"image\":{\"@id\":\"https:\/\/orthodesign.ca\/fr\/#\/schema\/logo\/image\/\"},\"sameAs\":[\"https:\/\/www.facebook.com\/orthoticprosthetic2\",\"https:\/\/www.instagram.com\/orthodesign.ca\/\"]}]}<\/script>\n<!-- \/ Yoast SEO plugin. -->","yoast_head_json":{"title":"Collier cervical pour chien | Ortho Design","description":"Prot\u00e9gez et soutenez le cou de votre chien avec notre collier cervical con\u00e7u pour le confort et la s\u00e9curit\u00e9 de votre animal de compagnie.","robots":{"index":"index","follow":"follow","max-snippet":"max-snippet:-1","max-image-preview":"max-image-preview:large","max-video-preview":"max-video-preview:-1"},"canonical":"https:\/\/orthodesign.ca\/fr\/cervicale-cou\/","og_locale":"fr_FR","og_type":"article","og_title":"Collier cervical pour chien | Ortho Design","og_description":"Prot\u00e9gez et soutenez le cou de votre chien avec notre collier cervical con\u00e7u pour le confort et la s\u00e9curit\u00e9 de votre animal de compagnie.","og_url":"https:\/\/orthodesign.ca\/fr\/cervicale-cou\/","og_site_name":"Ortho Design","article_publisher":"https:\/\/www.facebook.com\/orthoticprosthetic2","article_modified_time":"2024-02-29T19:42:17+00:00","og_image":[{"url":"https:\/\/orthodesign.ca\/wp-content\/uploads\/2023\/12\/1-2-300x300.jpg","type":"","width":"","height":""}],"twitter_card":"summary_large_image","twitter_misc":{"Dur\u00e9e de lecture estim\u00e9e":"5 minutes"},"schema":{"@context":"https:\/\/schema.org","@graph":[{"@type":"WebPage","@id":"https:\/\/orthodesign.ca\/fr\/cervicale-cou\/","url":"https:\/\/orthodesign.ca\/fr\/cervicale-cou\/","name":"Collier cervical pour chien | Ortho Design","isPartOf":{"@id":"https:\/\/orthodesign.ca\/fr\/#website"},"primaryImageOfPage":{"@id":"https:\/\/orthodesign.ca\/fr\/cervicale-cou\/#primaryimage"},"image":{"@id":"https:\/\/orthodesign.ca\/fr\/cervicale-cou\/#primaryimage"},"thumbnailUrl":"https:\/\/orthodesign.ca\/wp-content\/uploads\/2023\/12\/1-2-300x300.jpg","datePublished":"2023-09-25T08:50:41+00:00","dateModified":"2024-02-29T19:42:17+00:00","description":"Prot\u00e9gez et soutenez le cou de votre chien avec notre collier cervical con\u00e7u pour le confort et la s\u00e9curit\u00e9 de votre animal de compagnie.","breadcrumb":{"@id":"https:\/\/orthodesign.ca\/fr\/cervicale-cou\/#breadcrumb"},"inLanguage":"fr-FR","potentialAction":[{"@type":"ReadAction","target":["https:\/\/orthodesign.ca\/fr\/cervicale-cou\/"]}]},{"@type":"ImageObject","inLanguage":"fr-FR","@id":"https:\/\/orthodesign.ca\/fr\/cervicale-cou\/#primaryimage","url":"https:\/\/orthodesign.ca\/wp-content\/uploads\/2023\/12\/1-2-300x300.jpg","contentUrl":"https:\/\/orthodesign.ca\/wp-content\/uploads\/2023\/12\/1-2-300x300.jpg"},{"@type":"BreadcrumbList","@id":"https:\/\/orthodesign.ca\/fr\/cervicale-cou\/#breadcrumb","itemListElement":[{"@type":"ListItem","position":1,"name":"Home","item":"https:\/\/orthodesign.ca\/fr\/"},{"@type":"ListItem","position":2,"name":"CERVICALE (COU)"}]},{"@type":"WebSite","@id":"https:\/\/orthodesign.ca\/fr\/#website","url":"https:\/\/orthodesign.ca\/fr\/","name":"Ortho Design","description":"","publisher":{"@id":"https:\/\/orthodesign.ca\/fr\/#organization"},"potentialAction":[{"@type":"SearchAction","target":{"@type":"EntryPoint","urlTemplate":"https:\/\/orthodesign.ca\/fr\/?s={search_term_string}"},"query-input":{"@type":"PropertyValueSpecification","valueRequired":true,"valueName":"search_term_string"}}],"inLanguage":"fr-FR"},{"@type":"Organization","@id":"https:\/\/orthodesign.ca\/fr\/#organization","name":"Ortho Design","url":"https:\/\/orthodesign.ca\/fr\/","logo":{"@type":"ImageObject","inLanguage":"fr-FR","@id":"https:\/\/orthodesign.ca\/fr\/#\/schema\/logo\/image\/","url":"https:\/\/orthodesign.ca\/wp-content\/uploads\/2023\/12\/Ortho_logo-fr-final.png","contentUrl":"https:\/\/orthodesign.ca\/wp-content\/uploads\/2023\/12\/Ortho_logo-fr-final.png","width":770,"height":344,"caption":"Ortho Design"},"image":{"@id":"https:\/\/orthodesign.ca\/fr\/#\/schema\/logo\/image\/"},"sameAs":["https:\/\/www.facebook.com\/orthoticprosthetic2","https:\/\/www.instagram.com\/orthodesign.ca\/"]}]}},"_links":{"self":[{"href":"https:\/\/orthodesign.ca\/fr\/wp-json\/wp\/v2\/pages\/6293","targetHints":{"allow":["GET"]}}],"collection":[{"href":"https:\/\/orthodesign.ca\/fr\/wp-json\/wp\/v2\/pages"}],"about":[{"href":"https:\/\/orthodesign.ca\/fr\/wp-json\/wp\/v2\/types\/page"}],"author":[{"embeddable":true,"href":"https:\/\/orthodesign.ca\/fr\/wp-json\/wp\/v2\/users\/1"}],"replies":[{"embeddable":true,"href":"https:\/\/orthodesign.ca\/fr\/wp-json\/wp\/v2\/comments?post=6293"}],"version-history":[{"count":0,"href":"https:\/\/orthodesign.ca\/fr\/wp-json\/wp\/v2\/pages\/6293\/revisions"}],"wp:attachment":[{"href":"https:\/\/orthodesign.ca\/fr\/wp-json\/wp\/v2\/media?parent=6293"}],"curies":[{"name":"wp","href":"https:\/\/api.w.org\/{rel}","templated":true}]}}