{"id":6351,"date":"2023-09-25T08:09:25","date_gmt":"2023-09-25T08:09:25","guid":{"rendered":"https:\/\/orthodesign.ca\/colonne-vertebrale-dos\/"},"modified":"2024-02-29T19:41:44","modified_gmt":"2024-02-29T19:41:44","slug":"colonne-vertebrale-dos","status":"publish","type":"page","link":"https:\/\/orthodesign.ca\/fr\/colonne-vertebrale-dos\/","title":{"rendered":"Colonne vert\u00e9brale (dos)"},"content":{"rendered":"\t\t<div data-elementor-type=\"wp-page\" data-elementor-id=\"6351\" class=\"elementor elementor-6351 elementor-1534\" data-elementor-post-type=\"page\">\n\t\t\t\t\t\t<section class=\"elementor-section elementor-top-section elementor-element elementor-element-0d0ad1a elementor-section-full_width elementor-section-height-min-height elementor-section-stretched elementor-section-height-default elementor-section-items-middle\" data-id=\"0d0ad1a\" data-element_type=\"section\" data-settings=\"{&quot;background_background&quot;:&quot;classic&quot;,&quot;stretch_section&quot;:&quot;section-stretched&quot;}\">\n\t\t\t\t\t\t\t<div class=\"elementor-background-overlay\"><\/div>\n\t\t\t\t\t\t\t<div class=\"elementor-container elementor-column-gap-default\">\n\t\t\t\t\t<div class=\"elementor-column elementor-col-100 elementor-top-column elementor-element elementor-element-6db137a\" data-id=\"6db137a\" data-element_type=\"column\">\n\t\t\t<div class=\"elementor-widget-wrap elementor-element-populated\">\n\t\t\t\t\t\t<div class=\"elementor-element elementor-element-67bd3ee text-center elementor-widget elementor-widget-tp-heading-title\" data-id=\"67bd3ee\" data-element_type=\"widget\" data-widget_type=\"tp-heading-title.default\">\n\t\t\t\t<div class=\"elementor-widget-container\">\n\t\t\t\t\t<div class=\"heading heading_style heading_style69f23441193a6 style-2 \" ><div class=\"sub-style \"  ><div class=\"head-title \" > <h1  class=\"heading-title   \"   data-hover=\"ORTH\u00c8SE VERT\u00c9BRALE  (DORSALE, DOS)\">ORTH\u00c8SE VERT\u00c9BRALE  (DORSALE, DOS)<\/h1><\/div><\/div><\/div>\t\t\t\t<\/div>\n\t\t\t\t<\/div>\n\t\t\t\t\t<\/div>\n\t\t<\/div>\n\t\t\t\t\t<\/div>\n\t\t<\/section>\n\t\t\t\t<section class=\"elementor-section elementor-top-section elementor-element elementor-element-dae9d0a elementor-section-stretched elementor-section-boxed elementor-section-height-default elementor-section-height-default\" data-id=\"dae9d0a\" data-element_type=\"section\" data-settings=\"{&quot;stretch_section&quot;:&quot;section-stretched&quot;}\">\n\t\t\t\t\t\t<div class=\"elementor-container elementor-column-gap-default\">\n\t\t\t\t\t<div class=\"elementor-column elementor-col-100 elementor-top-column elementor-element elementor-element-f5dc1cd\" data-id=\"f5dc1cd\" data-element_type=\"column\">\n\t\t\t<div class=\"elementor-widget-wrap elementor-element-populated\">\n\t\t\t\t\t\t<div class=\"elementor-element elementor-element-e04500f elementor-widget elementor-widget-text-editor\" data-id=\"e04500f\" data-element_type=\"widget\" data-widget_type=\"text-editor.default\">\n\t\t\t\t<div class=\"elementor-widget-container\">\n\t\t\t\t\t\t\t\t\tLes orth\u00e8ses vert\u00e9brales sont con\u00e7ues pour prot\u00e9ger et stabiliser la colonne vert\u00e9brale et peuvent \u00eatre recommand\u00e9es suite \u00e0 une chirurgie et ainsi contr\u00f4ler l&#8217;amplitude des mouvements excessifs du dos. Permet \u00e9galement un soutien dorsal si la chirurgie n&#8217;est pas une option.\t\t\t\t\t\t\t\t<\/div>\n\t\t\t\t<\/div>\n\t\t\t\t\t<\/div>\n\t\t<\/div>\n\t\t\t\t\t<\/div>\n\t\t<\/section>\n\t\t\t\t<section class=\"elementor-section elementor-top-section elementor-element elementor-element-1659e05 elementor-section-stretched elementor-section-boxed elementor-section-height-default elementor-section-height-default\" data-id=\"1659e05\" data-element_type=\"section\" data-settings=\"{&quot;background_background&quot;:&quot;classic&quot;,&quot;stretch_section&quot;:&quot;section-stretched&quot;}\">\n\t\t\t\t\t\t\t<div class=\"elementor-background-overlay\"><\/div>\n\t\t\t\t\t\t\t<div class=\"elementor-container elementor-column-gap-default\">\n\t\t\t\t\t<div class=\"elementor-column elementor-col-50 elementor-top-column elementor-element elementor-element-49e87ba\" data-id=\"49e87ba\" data-element_type=\"column\">\n\t\t\t<div class=\"elementor-widget-wrap elementor-element-populated\">\n\t\t\t\t\t\t<div class=\"elementor-element elementor-element-4013c4b elementor-widget elementor-widget-heading\" data-id=\"4013c4b\" data-element_type=\"widget\" data-widget_type=\"heading.default\">\n\t\t\t\t<div class=\"elementor-widget-container\">\n\t\t\t\t\t<h2 class=\"elementor-heading-title elementor-size-default\">Recommand\u00e9e dans les cas suivants:\n<\/h2>\t\t\t\t<\/div>\n\t\t\t\t<\/div>\n\t\t\t\t<div class=\"elementor-element elementor-element-ade2cff elementor-icon-list--layout-traditional elementor-list-item-link-full_width elementor-widget elementor-widget-icon-list\" data-id=\"ade2cff\" data-element_type=\"widget\" data-widget_type=\"icon-list.default\">\n\t\t\t\t<div class=\"elementor-widget-container\">\n\t\t\t\t\t\t\t<ul class=\"elementor-icon-list-items\">\n\t\t\t\t\t\t\t<li class=\"elementor-icon-list-item\">\n\t\t\t\t\t\t\t\t\t\t\t<span class=\"elementor-icon-list-icon\">\n\t\t\t\t\t\t\t<i aria-hidden=\"true\" class=\"far fa-check-circle\"><\/i>\t\t\t\t\t\t<\/span>\n\t\t\t\t\t\t\t\t\t\t<span class=\"elementor-icon-list-text\">Hernie discale thoracique et\/ou lombaire<\/span>\n\t\t\t\t\t\t\t\t\t<\/li>\n\t\t\t\t\t\t\t\t<li class=\"elementor-icon-list-item\">\n\t\t\t\t\t\t\t\t\t\t\t<span class=\"elementor-icon-list-icon\">\n\t\t\t\t\t\t\t<i aria-hidden=\"true\" class=\"far fa-check-circle\"><\/i>\t\t\t\t\t\t<\/span>\n\t\t\t\t\t\t\t\t\t\t<span class=\"elementor-icon-list-text\">Arthrite<\/span>\n\t\t\t\t\t\t\t\t\t<\/li>\n\t\t\t\t\t\t\t\t<li class=\"elementor-icon-list-item\">\n\t\t\t\t\t\t\t\t\t\t\t<span class=\"elementor-icon-list-icon\">\n\t\t\t\t\t\t\t<i aria-hidden=\"true\" class=\"far fa-check-circle\"><\/i>\t\t\t\t\t\t<\/span>\n\t\t\t\t\t\t\t\t\t\t<span class=\"elementor-icon-list-text\">Arthrose<\/span>\n\t\t\t\t\t\t\t\t\t<\/li>\n\t\t\t\t\t\t\t\t<li class=\"elementor-icon-list-item\">\n\t\t\t\t\t\t\t\t\t\t\t<span class=\"elementor-icon-list-icon\">\n\t\t\t\t\t\t\t<i aria-hidden=\"true\" class=\"far fa-check-circle\"><\/i>\t\t\t\t\t\t<\/span>\n\t\t\t\t\t\t\t\t\t\t<span class=\"elementor-icon-list-text\">Tumeurs<\/span>\n\t\t\t\t\t\t\t\t\t<\/li>\n\t\t\t\t\t\t\t\t<li class=\"elementor-icon-list-item\">\n\t\t\t\t\t\t\t\t\t\t\t<span class=\"elementor-icon-list-icon\">\n\t\t\t\t\t\t\t<i aria-hidden=\"true\" class=\"far fa-check-circle\"><\/i>\t\t\t\t\t\t<\/span>\n\t\t\t\t\t\t\t\t\t\t<span class=\"elementor-icon-list-text\">R\u00e9cup\u00e9ration post-op\u00e9ratoire<\/span>\n\t\t\t\t\t\t\t\t\t<\/li>\n\t\t\t\t\t\t\t\t<li class=\"elementor-icon-list-item\">\n\t\t\t\t\t\t\t\t\t\t\t<span class=\"elementor-icon-list-icon\">\n\t\t\t\t\t\t\t<i aria-hidden=\"true\" class=\"far fa-check-circle\"><\/i>\t\t\t\t\t\t<\/span>\n\t\t\t\t\t\t\t\t\t\t<span class=\"elementor-icon-list-text\">D\u00e9g\u00e9n\u00e9rescence des disques intervert\u00e9braux<\/span>\n\t\t\t\t\t\t\t\t\t<\/li>\n\t\t\t\t\t\t\t\t<li class=\"elementor-icon-list-item\">\n\t\t\t\t\t\t\t\t\t\t\t<span class=\"elementor-icon-list-icon\">\n\t\t\t\t\t\t\t<i aria-hidden=\"true\" class=\"far fa-check-circle\"><\/i>\t\t\t\t\t\t<\/span>\n\t\t\t\t\t\t\t\t\t\t<span class=\"elementor-icon-list-text\">Etc.<\/span>\n\t\t\t\t\t\t\t\t\t<\/li>\n\t\t\t\t\t\t<\/ul>\n\t\t\t\t\t\t<\/div>\n\t\t\t\t<\/div>\n\t\t\t\t\t<\/div>\n\t\t<\/div>\n\t\t\t\t<div class=\"elementor-column elementor-col-50 elementor-top-column elementor-element elementor-element-9099282\" data-id=\"9099282\" data-element_type=\"column\">\n\t\t\t<div class=\"elementor-widget-wrap elementor-element-populated\">\n\t\t\t\t\t\t<div class=\"elementor-element elementor-element-3279e14 elementor-arrows-position-inside elementor-widget elementor-widget-image-carousel\" data-id=\"3279e14\" data-element_type=\"widget\" data-settings=\"{&quot;slides_to_show&quot;:&quot;1&quot;,&quot;navigation&quot;:&quot;arrows&quot;,&quot;autoplay&quot;:&quot;yes&quot;,&quot;pause_on_hover&quot;:&quot;yes&quot;,&quot;pause_on_interaction&quot;:&quot;yes&quot;,&quot;autoplay_speed&quot;:5000,&quot;infinite&quot;:&quot;yes&quot;,&quot;effect&quot;:&quot;slide&quot;,&quot;speed&quot;:500}\" data-widget_type=\"image-carousel.default\">\n\t\t\t\t<div class=\"elementor-widget-container\">\n\t\t\t\t\t\t\t<div class=\"elementor-image-carousel-wrapper swiper\" role=\"region\" aria-roledescription=\"carousel\" aria-label=\"Carrousel d\u2019images\" dir=\"ltr\">\n\t\t\t<div class=\"elementor-image-carousel swiper-wrapper\" aria-live=\"off\">\n\t\t\t\t\t\t\t\t<div class=\"swiper-slide\" role=\"group\" aria-roledescription=\"slide\" aria-label=\"1 sur 4\"><figure class=\"swiper-slide-inner\"><img decoding=\"async\" class=\"swiper-slide-image\" src=\"https:\/\/orthodesign.ca\/wp-content\/uploads\/2023\/09\/n-pic-1.jpg\" alt=\"n-pic-1\" \/><\/figure><\/div><div class=\"swiper-slide\" role=\"group\" aria-roledescription=\"slide\" aria-label=\"2 sur 4\"><figure class=\"swiper-slide-inner\"><img decoding=\"async\" class=\"swiper-slide-image\" src=\"https:\/\/orthodesign.ca\/wp-content\/uploads\/2023\/09\/n-pic-2.jpg\" alt=\"n-pic-2\" \/><\/figure><\/div><div class=\"swiper-slide\" role=\"group\" aria-roledescription=\"slide\" aria-label=\"3 sur 4\"><figure class=\"swiper-slide-inner\"><img decoding=\"async\" class=\"swiper-slide-image\" src=\"https:\/\/orthodesign.ca\/wp-content\/uploads\/2023\/09\/n-pic-3.jpg\" alt=\"n-pic-3\" \/><\/figure><\/div><div class=\"swiper-slide\" role=\"group\" aria-roledescription=\"slide\" aria-label=\"4 sur 4\"><figure class=\"swiper-slide-inner\"><img decoding=\"async\" class=\"swiper-slide-image\" src=\"https:\/\/orthodesign.ca\/wp-content\/uploads\/2023\/09\/n-pic-4.jpg\" alt=\"n-pic-4\" \/><\/figure><\/div>\t\t\t<\/div>\n\t\t\t\t\t\t\t\t\t\t\t\t<div class=\"elementor-swiper-button elementor-swiper-button-prev\" role=\"button\" tabindex=\"0\">\n\t\t\t\t\t\t<i aria-hidden=\"true\" class=\"eicon-chevron-left\"><\/i>\t\t\t\t\t<\/div>\n\t\t\t\t\t<div class=\"elementor-swiper-button elementor-swiper-button-next\" role=\"button\" tabindex=\"0\">\n\t\t\t\t\t\t<i aria-hidden=\"true\" class=\"eicon-chevron-right\"><\/i>\t\t\t\t\t<\/div>\n\t\t\t\t\n\t\t\t\t\t\t\t\t\t<\/div>\n\t\t\t\t\t\t<\/div>\n\t\t\t\t<\/div>\n\t\t\t\t\t<\/div>\n\t\t<\/div>\n\t\t\t\t\t<\/div>\n\t\t<\/section>\n\t\t\t\t<section class=\"elementor-section elementor-top-section elementor-element elementor-element-ec5b2ef elementor-section-stretched elementor-section-boxed elementor-section-height-default elementor-section-height-default\" data-id=\"ec5b2ef\" data-element_type=\"section\" data-settings=\"{&quot;stretch_section&quot;:&quot;section-stretched&quot;}\">\n\t\t\t\t\t\t<div class=\"elementor-container elementor-column-gap-default\">\n\t\t\t\t\t<div class=\"elementor-column elementor-col-100 elementor-top-column elementor-element elementor-element-4e47478\" data-id=\"4e47478\" data-element_type=\"column\">\n\t\t\t<div class=\"elementor-widget-wrap elementor-element-populated\">\n\t\t\t\t\t\t<div class=\"elementor-element elementor-element-be49bbd elementor-widget elementor-widget-heading\" data-id=\"be49bbd\" data-element_type=\"widget\" data-widget_type=\"heading.default\">\n\t\t\t\t<div class=\"elementor-widget-container\">\n\t\t\t\t\t<h2 class=\"elementor-heading-title elementor-size-default\">Exemple de pathologie fr\u00e9quemment observ\u00e9e: La hernie discale<\/h2>\t\t\t\t<\/div>\n\t\t\t\t<\/div>\n\t\t\t\t<div class=\"elementor-element elementor-element-65d4458 elementor-widget elementor-widget-text-editor\" data-id=\"65d4458\" data-element_type=\"widget\" data-widget_type=\"text-editor.default\">\n\t\t\t\t<div class=\"elementor-widget-container\">\n\t\t\t\t\t\t\t\t\tLa colonne vert\u00e9brale est constitu\u00e9e d&#8217;un ensemble de vert\u00e8bres assembl\u00e9es les unes aux autres et s\u00e9par\u00e9es par les disques intervert\u00e9braux (coussins).\n\t\t\t\t\t\t\t\t<\/div>\n\t\t\t\t<\/div>\n\t\t\t\t<div class=\"elementor-element elementor-element-1ba7f97 elementor-widget elementor-widget-text-editor\" data-id=\"1ba7f97\" data-element_type=\"widget\" data-widget_type=\"text-editor.default\">\n\t\t\t\t<div class=\"elementor-widget-container\">\n\t\t\t\t\t\t\t\t\tOn observe une hernie discale (type Hansen I, Hansen II et type III) lorsque le mat\u00e9riel constituant le disque intervert\u00e9bral p\u00e9n\u00e8tre puis comprime la moelle \u00e9pini\u00e8re provoquant ainsi de l&#8217;inconfort, de la douleur et pouvant entra\u00eener une perte partielle ou totale des capacit\u00e9s motrices des pattes.\n\t\t\t\t\t\t\t\t<\/div>\n\t\t\t\t<\/div>\n\t\t\t\t<div class=\"elementor-element elementor-element-b48ab1c elementor-widget elementor-widget-text-editor\" data-id=\"b48ab1c\" data-element_type=\"widget\" data-widget_type=\"text-editor.default\">\n\t\t\t\t<div class=\"elementor-widget-container\">\n\t\t\t\t\t\t\t\t\tLa hernie discale est finalement une d\u00e9g\u00e9n\u00e9rescence des disques intervert\u00e9braux. Une pathologie couramment observ\u00e9e chez le chien \u00e2g\u00e9 et qui peut donc s&#8217;av\u00e9rer un ph\u00e9nom\u00e8ne normal.\n\t\t\t\t\t\t\t\t<\/div>\n\t\t\t\t<\/div>\n\t\t\t\t<div class=\"elementor-element elementor-element-e5c4138 elementor-widget elementor-widget-text-editor\" data-id=\"e5c4138\" data-element_type=\"widget\" data-widget_type=\"text-editor.default\">\n\t\t\t\t<div class=\"elementor-widget-container\">\n\t\t\t\t\t\t\t\t\tCette maladie est surtout observ\u00e9e chez les chiens de petites races telles que le Teckel, le Bouledogue Fran\u00e7ais, le Beagle, le Basset Hound, le Bichon mais \u00e9galement retrouv\u00e9e chez le Dobermann, le Labrador, le Rottweiler et le Berger Allemand.\n\t\t\t\t\t\t\t\t<\/div>\n\t\t\t\t<\/div>\n\t\t\t\t\t<\/div>\n\t\t<\/div>\n\t\t\t\t\t<\/div>\n\t\t<\/section>\n\t\t\t\t<section class=\"elementor-section elementor-top-section elementor-element elementor-element-b12f236 elementor-reverse-mobile elementor-section-stretched elementor-section-boxed elementor-section-height-default elementor-section-height-default\" data-id=\"b12f236\" data-element_type=\"section\" data-settings=\"{&quot;background_background&quot;:&quot;classic&quot;,&quot;stretch_section&quot;:&quot;section-stretched&quot;}\">\n\t\t\t\t\t\t<div class=\"elementor-container elementor-column-gap-default\">\n\t\t\t\t\t<div class=\"elementor-column elementor-col-100 elementor-top-column elementor-element elementor-element-cc1836e\" data-id=\"cc1836e\" data-element_type=\"column\">\n\t\t\t<div class=\"elementor-widget-wrap elementor-element-populated\">\n\t\t\t\t\t\t<div class=\"elementor-element elementor-element-58edcae elementor-widget elementor-widget-heading\" data-id=\"58edcae\" data-element_type=\"widget\" data-widget_type=\"heading.default\">\n\t\t\t\t<div class=\"elementor-widget-container\">\n\t\t\t\t\t<h2 class=\"elementor-heading-title elementor-size-default\">ORTH\u00c8SE DORSALE WIGGLELESS\u00ae\n<\/h2>\t\t\t\t<\/div>\n\t\t\t\t<\/div>\n\t\t\t\t\t<\/div>\n\t\t<\/div>\n\t\t\t\t\t<\/div>\n\t\t<\/section>\n\t\t\t\t<section class=\"elementor-section elementor-top-section elementor-element elementor-element-5081c1a elementor-reverse-mobile elementor-section-stretched elementor-section-boxed elementor-section-height-default elementor-section-height-default\" data-id=\"5081c1a\" data-element_type=\"section\" data-settings=\"{&quot;background_background&quot;:&quot;classic&quot;,&quot;stretch_section&quot;:&quot;section-stretched&quot;}\">\n\t\t\t\t\t\t<div class=\"elementor-container elementor-column-gap-default\">\n\t\t\t\t\t<div class=\"elementor-column elementor-col-25 elementor-top-column elementor-element elementor-element-bfa6d28\" data-id=\"bfa6d28\" data-element_type=\"column\">\n\t\t\t<div class=\"elementor-widget-wrap elementor-element-populated\">\n\t\t\t\t\t\t<div class=\"elementor-element elementor-element-55e155b elementor-widget elementor-widget-text-editor\" data-id=\"55e155b\" data-element_type=\"widget\" data-widget_type=\"text-editor.default\">\n\t\t\t\t<div class=\"elementor-widget-container\">\n\t\t\t\t\t\t\t\t\tCe support de dos permet de stabiliser celui-ci tout en offrant une certaine flexibilit\u00e9. Con\u00e7u avec un mat\u00e9riau respirant assurant le confort. L&#8217;orth\u00e8se est surtout utilis\u00e9 lors de le d\u00e9g\u00e9n\u00e9rescence des disques intervert\u00e9braux pouvant causer, entre autres, des hernies discales ainsi que lors de la my\u00e9lopathie d\u00e9g\u00e9n\u00e9rative.\n\t\t\t\t\t\t\t\t<\/div>\n\t\t\t\t<\/div>\n\t\t\t\t\t<\/div>\n\t\t<\/div>\n\t\t\t\t<div class=\"elementor-column elementor-col-25 elementor-top-column elementor-element elementor-element-6104f9a\" data-id=\"6104f9a\" data-element_type=\"column\">\n\t\t\t<div class=\"elementor-widget-wrap elementor-element-populated\">\n\t\t\t\t\t\t<div class=\"elementor-element elementor-element-e061d7a elementor-widget elementor-widget-image\" data-id=\"e061d7a\" data-element_type=\"widget\" data-widget_type=\"image.default\">\n\t\t\t\t<div class=\"elementor-widget-container\">\n\t\t\t\t\t\t\t\t\t\t\t\t\t\t\t<img fetchpriority=\"high\" decoding=\"async\" width=\"500\" height=\"500\" src=\"https:\/\/orthodesign.ca\/wp-content\/uploads\/2023\/09\/n-pic-5.jpg\" class=\"attachment-full size-full wp-image-2570\" alt=\"\" srcset=\"https:\/\/orthodesign.ca\/wp-content\/uploads\/2023\/09\/n-pic-5.jpg 500w, https:\/\/orthodesign.ca\/wp-content\/uploads\/2023\/09\/n-pic-5-300x300.jpg 300w, https:\/\/orthodesign.ca\/wp-content\/uploads\/2023\/09\/n-pic-5-150x150.jpg 150w\" sizes=\"(max-width: 500px) 100vw, 500px\" \/>\t\t\t\t\t\t\t\t\t\t\t\t\t\t\t<\/div>\n\t\t\t\t<\/div>\n\t\t\t\t\t<\/div>\n\t\t<\/div>\n\t\t\t\t<div class=\"elementor-column elementor-col-25 elementor-top-column elementor-element elementor-element-4679e88\" data-id=\"4679e88\" data-element_type=\"column\">\n\t\t\t<div class=\"elementor-widget-wrap elementor-element-populated\">\n\t\t\t\t\t\t<div class=\"elementor-element elementor-element-f3475b0 elementor-widget elementor-widget-image\" data-id=\"f3475b0\" data-element_type=\"widget\" data-widget_type=\"image.default\">\n\t\t\t\t<div class=\"elementor-widget-container\">\n\t\t\t\t\t\t\t\t\t\t\t\t\t\t\t<img decoding=\"async\" width=\"500\" height=\"500\" src=\"https:\/\/orthodesign.ca\/wp-content\/uploads\/2023\/09\/n-pic-6.jpg\" class=\"attachment-full size-full wp-image-2571\" alt=\"\" srcset=\"https:\/\/orthodesign.ca\/wp-content\/uploads\/2023\/09\/n-pic-6.jpg 500w, https:\/\/orthodesign.ca\/wp-content\/uploads\/2023\/09\/n-pic-6-300x300.jpg 300w, https:\/\/orthodesign.ca\/wp-content\/uploads\/2023\/09\/n-pic-6-150x150.jpg 150w\" sizes=\"(max-width: 500px) 100vw, 500px\" \/>\t\t\t\t\t\t\t\t\t\t\t\t\t\t\t<\/div>\n\t\t\t\t<\/div>\n\t\t\t\t\t<\/div>\n\t\t<\/div>\n\t\t\t\t<div class=\"elementor-column elementor-col-25 elementor-top-column elementor-element elementor-element-51bbda6\" data-id=\"51bbda6\" data-element_type=\"column\">\n\t\t\t<div class=\"elementor-widget-wrap elementor-element-populated\">\n\t\t\t\t\t\t<div class=\"elementor-element elementor-element-430be6d elementor-widget elementor-widget-image\" data-id=\"430be6d\" data-element_type=\"widget\" data-widget_type=\"image.default\">\n\t\t\t\t<div class=\"elementor-widget-container\">\n\t\t\t\t\t\t\t\t\t\t\t\t\t\t\t<img decoding=\"async\" width=\"500\" height=\"500\" src=\"https:\/\/orthodesign.ca\/wp-content\/uploads\/2023\/09\/n-pic-7.jpg\" class=\"attachment-full size-full wp-image-2572\" alt=\"\" srcset=\"https:\/\/orthodesign.ca\/wp-content\/uploads\/2023\/09\/n-pic-7.jpg 500w, https:\/\/orthodesign.ca\/wp-content\/uploads\/2023\/09\/n-pic-7-300x300.jpg 300w, https:\/\/orthodesign.ca\/wp-content\/uploads\/2023\/09\/n-pic-7-150x150.jpg 150w\" sizes=\"(max-width: 500px) 100vw, 500px\" \/>\t\t\t\t\t\t\t\t\t\t\t\t\t\t\t<\/div>\n\t\t\t\t<\/div>\n\t\t\t\t\t<\/div>\n\t\t<\/div>\n\t\t\t\t\t<\/div>\n\t\t<\/section>\n\t\t\t\t<\/div>\n\t\t","protected":false},"excerpt":{"rendered":"<p>ORTH\u00c8SE VERT\u00c9BRALE (DORSALE, DOS) Les orth\u00e8ses vert\u00e9brales sont con\u00e7ues pour prot\u00e9ger et stabiliser la colonne vert\u00e9brale et peuvent \u00eatre recommand\u00e9es suite \u00e0 une chirurgie et ainsi contr\u00f4ler l&#8217;amplitude des mouvements excessifs du dos. Permet \u00e9galement un soutien dorsal si la chirurgie n&#8217;est pas une option. Recommand\u00e9e dans les cas suivants: Hernie discale thoracique et\/ou lombaire [&hellip;]<\/p>\n","protected":false},"author":1,"featured_media":0,"parent":0,"menu_order":0,"comment_status":"closed","ping_status":"closed","template":"","meta":{"inline_featured_image":false,"site-sidebar-layout":"no-sidebar","site-content-layout":"","ast-site-content-layout":"full-width-container","site-content-style":"default","site-sidebar-style":"default","ast-global-header-display":"","ast-banner-title-visibility":"","ast-main-header-display":"","ast-hfb-above-header-display":"","ast-hfb-below-header-display":"","ast-hfb-mobile-header-display":"","site-post-title":"disabled","ast-breadcrumbs-content":"","ast-featured-img":"disabled","footer-sml-layout":"","theme-transparent-header-meta":"","adv-header-id-meta":"","stick-header-meta":"","header-above-stick-meta":"","header-main-stick-meta":"","header-below-stick-meta":"","astra-migrate-meta-layouts":"default","ast-page-background-enabled":"default","ast-page-background-meta":{"desktop":{"background-color":"var(--ast-global-color-4)","background-image":"","background-repeat":"repeat","background-position":"center center","background-size":"auto","background-attachment":"scroll","background-type":"","background-media":"","overlay-type":"","overlay-color":"","overlay-opacity":"","overlay-gradient":""},"tablet":{"background-color":"","background-image":"","background-repeat":"repeat","background-position":"center center","background-size":"auto","background-attachment":"scroll","background-type":"","background-media":"","overlay-type":"","overlay-color":"","overlay-opacity":"","overlay-gradient":""},"mobile":{"background-color":"","background-image":"","background-repeat":"repeat","background-position":"center center","background-size":"auto","background-attachment":"scroll","background-type":"","background-media":"","overlay-type":"","overlay-color":"","overlay-opacity":"","overlay-gradient":""}},"ast-content-background-meta":{"desktop":{"background-color":"var(--ast-global-color-5)","background-image":"","background-repeat":"repeat","background-position":"center center","background-size":"auto","background-attachment":"scroll","background-type":"","background-media":"","overlay-type":"","overlay-color":"","overlay-opacity":"","overlay-gradient":""},"tablet":{"background-color":"var(--ast-global-color-5)","background-image":"","background-repeat":"repeat","background-position":"center center","background-size":"auto","background-attachment":"scroll","background-type":"","background-media":"","overlay-type":"","overlay-color":"","overlay-opacity":"","overlay-gradient":""},"mobile":{"background-color":"var(--ast-global-color-5)","background-image":"","background-repeat":"repeat","background-position":"center center","background-size":"auto","background-attachment":"scroll","background-type":"","background-media":"","overlay-type":"","overlay-color":"","overlay-opacity":"","overlay-gradient":""}},"footnotes":""},"class_list":["post-6351","page","type-page","status-publish","hentry"],"yoast_head":"<!-- This site is optimized with the Yoast SEO plugin v24.2 - https:\/\/yoast.com\/wordpress\/plugins\/seo\/ -->\n<title>Attelle dorsale pour chien | Ortho Design<\/title>\n<meta name=\"description\" content=\"Offrez \u00e0 votre chien le soutien dont il a besoin avec notre attelle dorsale con\u00e7ue pour la r\u00e9habilitation et le confort du dos de votre animal.\" \/>\n<meta name=\"robots\" content=\"index, follow, max-snippet:-1, max-image-preview:large, max-video-preview:-1\" \/>\n<link rel=\"canonical\" href=\"https:\/\/orthodesign.ca\/fr\/colonne-vertebrale-dos\/\" \/>\n<meta property=\"og:locale\" content=\"fr_FR\" \/>\n<meta property=\"og:type\" content=\"article\" \/>\n<meta property=\"og:title\" content=\"Attelle dorsale pour chien | Ortho Design\" \/>\n<meta property=\"og:description\" content=\"Offrez \u00e0 votre chien le soutien dont il a besoin avec notre attelle dorsale con\u00e7ue pour la r\u00e9habilitation et le confort du dos de votre animal.\" \/>\n<meta property=\"og:url\" content=\"https:\/\/orthodesign.ca\/fr\/colonne-vertebrale-dos\/\" \/>\n<meta property=\"og:site_name\" content=\"Ortho Design\" \/>\n<meta property=\"article:publisher\" content=\"https:\/\/www.facebook.com\/orthoticprosthetic2\" \/>\n<meta property=\"article:modified_time\" content=\"2024-02-29T19:41:44+00:00\" \/>\n<meta property=\"og:image\" content=\"https:\/\/orthodesign.ca\/wp-content\/uploads\/2023\/09\/n-pic-1.jpg\" \/>\n<meta name=\"twitter:card\" content=\"summary_large_image\" \/>\n<meta name=\"twitter:label1\" content=\"Dur\u00e9e de lecture estim\u00e9e\" \/>\n\t<meta name=\"twitter:data1\" content=\"3 minutes\" \/>\n<script type=\"application\/ld+json\" class=\"yoast-schema-graph\">{\"@context\":\"https:\/\/schema.org\",\"@graph\":[{\"@type\":\"WebPage\",\"@id\":\"https:\/\/orthodesign.ca\/fr\/colonne-vertebrale-dos\/\",\"url\":\"https:\/\/orthodesign.ca\/fr\/colonne-vertebrale-dos\/\",\"name\":\"Attelle dorsale pour chien | Ortho Design\",\"isPartOf\":{\"@id\":\"https:\/\/orthodesign.ca\/fr\/#website\"},\"primaryImageOfPage\":{\"@id\":\"https:\/\/orthodesign.ca\/fr\/colonne-vertebrale-dos\/#primaryimage\"},\"image\":{\"@id\":\"https:\/\/orthodesign.ca\/fr\/colonne-vertebrale-dos\/#primaryimage\"},\"thumbnailUrl\":\"https:\/\/orthodesign.ca\/wp-content\/uploads\/2023\/09\/n-pic-1.jpg\",\"datePublished\":\"2023-09-25T08:09:25+00:00\",\"dateModified\":\"2024-02-29T19:41:44+00:00\",\"description\":\"Offrez \u00e0 votre chien le soutien dont il a besoin avec notre attelle dorsale con\u00e7ue pour la r\u00e9habilitation et le confort du dos de votre animal.\",\"breadcrumb\":{\"@id\":\"https:\/\/orthodesign.ca\/fr\/colonne-vertebrale-dos\/#breadcrumb\"},\"inLanguage\":\"fr-FR\",\"potentialAction\":[{\"@type\":\"ReadAction\",\"target\":[\"https:\/\/orthodesign.ca\/fr\/colonne-vertebrale-dos\/\"]}]},{\"@type\":\"ImageObject\",\"inLanguage\":\"fr-FR\",\"@id\":\"https:\/\/orthodesign.ca\/fr\/colonne-vertebrale-dos\/#primaryimage\",\"url\":\"https:\/\/orthodesign.ca\/wp-content\/uploads\/2023\/09\/n-pic-1.jpg\",\"contentUrl\":\"https:\/\/orthodesign.ca\/wp-content\/uploads\/2023\/09\/n-pic-1.jpg\"},{\"@type\":\"BreadcrumbList\",\"@id\":\"https:\/\/orthodesign.ca\/fr\/colonne-vertebrale-dos\/#breadcrumb\",\"itemListElement\":[{\"@type\":\"ListItem\",\"position\":1,\"name\":\"Home\",\"item\":\"https:\/\/orthodesign.ca\/fr\/\"},{\"@type\":\"ListItem\",\"position\":2,\"name\":\"Colonne vert\u00e9brale (dos)\"}]},{\"@type\":\"WebSite\",\"@id\":\"https:\/\/orthodesign.ca\/fr\/#website\",\"url\":\"https:\/\/orthodesign.ca\/fr\/\",\"name\":\"Ortho Design\",\"description\":\"\",\"publisher\":{\"@id\":\"https:\/\/orthodesign.ca\/fr\/#organization\"},\"potentialAction\":[{\"@type\":\"SearchAction\",\"target\":{\"@type\":\"EntryPoint\",\"urlTemplate\":\"https:\/\/orthodesign.ca\/fr\/?s={search_term_string}\"},\"query-input\":{\"@type\":\"PropertyValueSpecification\",\"valueRequired\":true,\"valueName\":\"search_term_string\"}}],\"inLanguage\":\"fr-FR\"},{\"@type\":\"Organization\",\"@id\":\"https:\/\/orthodesign.ca\/fr\/#organization\",\"name\":\"Ortho Design\",\"url\":\"https:\/\/orthodesign.ca\/fr\/\",\"logo\":{\"@type\":\"ImageObject\",\"inLanguage\":\"fr-FR\",\"@id\":\"https:\/\/orthodesign.ca\/fr\/#\/schema\/logo\/image\/\",\"url\":\"https:\/\/orthodesign.ca\/wp-content\/uploads\/2023\/12\/Ortho_logo-fr-final.png\",\"contentUrl\":\"https:\/\/orthodesign.ca\/wp-content\/uploads\/2023\/12\/Ortho_logo-fr-final.png\",\"width\":770,\"height\":344,\"caption\":\"Ortho Design\"},\"image\":{\"@id\":\"https:\/\/orthodesign.ca\/fr\/#\/schema\/logo\/image\/\"},\"sameAs\":[\"https:\/\/www.facebook.com\/orthoticprosthetic2\",\"https:\/\/www.instagram.com\/orthodesign.ca\/\"]}]}<\/script>\n<!-- \/ Yoast SEO plugin. -->","yoast_head_json":{"title":"Attelle dorsale pour chien | Ortho Design","description":"Offrez \u00e0 votre chien le soutien dont il a besoin avec notre attelle dorsale con\u00e7ue pour la r\u00e9habilitation et le confort du dos de votre animal.","robots":{"index":"index","follow":"follow","max-snippet":"max-snippet:-1","max-image-preview":"max-image-preview:large","max-video-preview":"max-video-preview:-1"},"canonical":"https:\/\/orthodesign.ca\/fr\/colonne-vertebrale-dos\/","og_locale":"fr_FR","og_type":"article","og_title":"Attelle dorsale pour chien | Ortho Design","og_description":"Offrez \u00e0 votre chien le soutien dont il a besoin avec notre attelle dorsale con\u00e7ue pour la r\u00e9habilitation et le confort du dos de votre animal.","og_url":"https:\/\/orthodesign.ca\/fr\/colonne-vertebrale-dos\/","og_site_name":"Ortho Design","article_publisher":"https:\/\/www.facebook.com\/orthoticprosthetic2","article_modified_time":"2024-02-29T19:41:44+00:00","og_image":[{"url":"https:\/\/orthodesign.ca\/wp-content\/uploads\/2023\/09\/n-pic-1.jpg","type":"","width":"","height":""}],"twitter_card":"summary_large_image","twitter_misc":{"Dur\u00e9e de lecture estim\u00e9e":"3 minutes"},"schema":{"@context":"https:\/\/schema.org","@graph":[{"@type":"WebPage","@id":"https:\/\/orthodesign.ca\/fr\/colonne-vertebrale-dos\/","url":"https:\/\/orthodesign.ca\/fr\/colonne-vertebrale-dos\/","name":"Attelle dorsale pour chien | Ortho Design","isPartOf":{"@id":"https:\/\/orthodesign.ca\/fr\/#website"},"primaryImageOfPage":{"@id":"https:\/\/orthodesign.ca\/fr\/colonne-vertebrale-dos\/#primaryimage"},"image":{"@id":"https:\/\/orthodesign.ca\/fr\/colonne-vertebrale-dos\/#primaryimage"},"thumbnailUrl":"https:\/\/orthodesign.ca\/wp-content\/uploads\/2023\/09\/n-pic-1.jpg","datePublished":"2023-09-25T08:09:25+00:00","dateModified":"2024-02-29T19:41:44+00:00","description":"Offrez \u00e0 votre chien le soutien dont il a besoin avec notre attelle dorsale con\u00e7ue pour la r\u00e9habilitation et le confort du dos de votre animal.","breadcrumb":{"@id":"https:\/\/orthodesign.ca\/fr\/colonne-vertebrale-dos\/#breadcrumb"},"inLanguage":"fr-FR","potentialAction":[{"@type":"ReadAction","target":["https:\/\/orthodesign.ca\/fr\/colonne-vertebrale-dos\/"]}]},{"@type":"ImageObject","inLanguage":"fr-FR","@id":"https:\/\/orthodesign.ca\/fr\/colonne-vertebrale-dos\/#primaryimage","url":"https:\/\/orthodesign.ca\/wp-content\/uploads\/2023\/09\/n-pic-1.jpg","contentUrl":"https:\/\/orthodesign.ca\/wp-content\/uploads\/2023\/09\/n-pic-1.jpg"},{"@type":"BreadcrumbList","@id":"https:\/\/orthodesign.ca\/fr\/colonne-vertebrale-dos\/#breadcrumb","itemListElement":[{"@type":"ListItem","position":1,"name":"Home","item":"https:\/\/orthodesign.ca\/fr\/"},{"@type":"ListItem","position":2,"name":"Colonne vert\u00e9brale (dos)"}]},{"@type":"WebSite","@id":"https:\/\/orthodesign.ca\/fr\/#website","url":"https:\/\/orthodesign.ca\/fr\/","name":"Ortho Design","description":"","publisher":{"@id":"https:\/\/orthodesign.ca\/fr\/#organization"},"potentialAction":[{"@type":"SearchAction","target":{"@type":"EntryPoint","urlTemplate":"https:\/\/orthodesign.ca\/fr\/?s={search_term_string}"},"query-input":{"@type":"PropertyValueSpecification","valueRequired":true,"valueName":"search_term_string"}}],"inLanguage":"fr-FR"},{"@type":"Organization","@id":"https:\/\/orthodesign.ca\/fr\/#organization","name":"Ortho Design","url":"https:\/\/orthodesign.ca\/fr\/","logo":{"@type":"ImageObject","inLanguage":"fr-FR","@id":"https:\/\/orthodesign.ca\/fr\/#\/schema\/logo\/image\/","url":"https:\/\/orthodesign.ca\/wp-content\/uploads\/2023\/12\/Ortho_logo-fr-final.png","contentUrl":"https:\/\/orthodesign.ca\/wp-content\/uploads\/2023\/12\/Ortho_logo-fr-final.png","width":770,"height":344,"caption":"Ortho Design"},"image":{"@id":"https:\/\/orthodesign.ca\/fr\/#\/schema\/logo\/image\/"},"sameAs":["https:\/\/www.facebook.com\/orthoticprosthetic2","https:\/\/www.instagram.com\/orthodesign.ca\/"]}]}},"_links":{"self":[{"href":"https:\/\/orthodesign.ca\/fr\/wp-json\/wp\/v2\/pages\/6351","targetHints":{"allow":["GET"]}}],"collection":[{"href":"https:\/\/orthodesign.ca\/fr\/wp-json\/wp\/v2\/pages"}],"about":[{"href":"https:\/\/orthodesign.ca\/fr\/wp-json\/wp\/v2\/types\/page"}],"author":[{"embeddable":true,"href":"https:\/\/orthodesign.ca\/fr\/wp-json\/wp\/v2\/users\/1"}],"replies":[{"embeddable":true,"href":"https:\/\/orthodesign.ca\/fr\/wp-json\/wp\/v2\/comments?post=6351"}],"version-history":[{"count":0,"href":"https:\/\/orthodesign.ca\/fr\/wp-json\/wp\/v2\/pages\/6351\/revisions"}],"wp:attachment":[{"href":"https:\/\/orthodesign.ca\/fr\/wp-json\/wp\/v2\/media?parent=6351"}],"curies":[{"name":"wp","href":"https:\/\/api.w.org\/{rel}","templated":true}]}}